{"id":432,"date":"2014-03-17T10:58:39","date_gmt":"2014-03-17T10:58:39","guid":{"rendered":"http:\/\/demo.themegrill.com\/spacious\/?page_id=7"},"modified":"2025-06-10T10:43:21","modified_gmt":"2025-06-10T07:43:21","slug":"business-template","status":"publish","type":"page","link":"https:\/\/blog.edu.turku.fi\/strapetsi\/","title":{"rendered":"Etusivu"},"content":{"rendered":"<h1 style=\"text-align: center\">Strapetsi II- Strategisen ja pedagogisen toiminnan johtaminen \u2013 Ledning av strategisk och pedagogisk verksamhet<\/h1>\n<h2 style=\"text-align: center\">Hanke toimeenpanee ja kehitt\u00e4\u00e4 edelleen aiemmassa hankkeessa luotua strategisen johtamisen ja pedagogisen johtamisen toimintamallia, jonka l\u00f6yd\u00e4t <a href=\"https:\/\/aoe.fi\/#\/materiaali\/4392\">t\u00e4\u00e4lt\u00e4<\/a>. Toimeenpanossa varmistetaan erityisesti valtakunnallisten tietovarantojen tietojen hy\u00f6dynnett\u00e4vyys systemaattisesti ja ajantasaisesti ammatillisen koulutuksen suunnittelussa, toteutuksessa ja arvioinnissa.<\/h2>\n<h2 style=\"text-align: center\">Tavoitteiden saavuttamisesta vastaa 90 ammatillisen koulutuksen j\u00e4rjest\u00e4j\u00e4n verkosto.<\/h2>\n<p style=\"text-align: center\">Hanke kehitt\u00e4\u00e4 ammatillisen koulutuksen\u00a0 johtamista ammatillisen koulutuksen toiminnan vaikuttavuuden, tuloksellisuuden ja laadun vahvistamiseksi, edist\u00e4en opiskelijoiden opintojen suorittamista, valmistumista, ty\u00f6llistymist\u00e4 sek\u00e4 jatko-opintoihin siirtymist\u00e4 johtamista kehitt\u00e4m\u00e4ll\u00e4.<\/p>\n<h4>Toiminta<\/h4>\n<p>Hankkeen toiminta toteutetaan organisaatioissa sek\u00e4 tuotantotiimin avulla.<\/p>\n<p>Tuotantotiimi ty\u00f6skentelee teemakohtaisesti tunnistaen synergioita eri organisaatioiden ja kehitt\u00e4misalueiden v\u00e4lill\u00e4 sek\u00e4 luoden tilaisuuksia vertaisoppimiselle ja yhteiselle kehitt\u00e4miselle henkil\u00f6-, ryhm\u00e4-, organisaatio- ja ekosysteemitasoilla.<\/p>\n<p>Hankkeessa otetaan huomioon organisaation omat kehittymistavoitteet suhteessa rahoitusp\u00e4\u00e4t\u00f6kseen. Hankkeen jokainen organisaatio osallistuu maalis-huhtikuun 2025 aikana alkukeskusteluun, jonka pohjalta saadaan kokonaiskuva hankkeen toimintaan ja kehittymistarpeisiin.<\/p>\n<figure id=\"attachment_1197\" aria-describedby=\"caption-attachment-1197\" style=\"width: 300px\" class=\"wp-caption alignright\"><img loading=\"lazy\" decoding=\"async\" class=\"size-medium wp-image-1197\" src=\"https:\/\/blog.edu.turku.fi\/strapetsi\/files\/2024\/12\/cropped-Stapetsi_KELLO_tilaa_tekstille_RGB-300x244.png\" alt=\"Vuosikelloa yhdess\u00e4 luomassa\" width=\"300\" height=\"244\" srcset=\"https:\/\/blog.edu.turku.fi\/strapetsi\/files\/2024\/12\/cropped-Stapetsi_KELLO_tilaa_tekstille_RGB-300x244.png 300w, https:\/\/blog.edu.turku.fi\/strapetsi\/files\/2024\/12\/cropped-Stapetsi_KELLO_tilaa_tekstille_RGB-1024x834.png 1024w, https:\/\/blog.edu.turku.fi\/strapetsi\/files\/2024\/12\/cropped-Stapetsi_KELLO_tilaa_tekstille_RGB.png 1500w\" sizes=\"auto, (max-width: 300px) 100vw, 300px\" \/><figcaption id=\"caption-attachment-1197\" class=\"wp-caption-text\">Yhdess\u00e4 kehitt\u00e4en.<\/figcaption><\/figure>\n<p>Alkukeskusteluiden ja alkukartoituksen pohjalta hankkeen aikana keskityt\u00e4\u00e4n mm. vastuulliseen tiedolla johtamiseen.<\/p>\n<p>Blogin puolelta l\u00f6ytyy materiaalia hankkkeesta.<\/p>\n<p>Tapahtumista l\u00f6ytyy hankkeen tapaamisien teams linkit. Kaikki ammatillisen koulutuksen j\u00e4rjest\u00e4j\u00e4t ovat tervetulleita tapaamisiin mukaan!<\/p>\n<p><a href=\"https:\/\/blog.edu.turku.fi\/strapetsi\/strapets-ledning-av-strategisk-och-pedagogisk-verksamhet\/\">Strapets p\u00e5 svenska<\/a><\/p>\n","protected":false},"excerpt":{"rendered":"<p>Strapetsi II- Strategisen ja pedagogisen toiminnan johtaminen \u2013 Ledning av strategisk och pedagogisk verksamhet Hanke toimeenpanee ja kehitt\u00e4\u00e4 edelleen aiemmassa hankkeessa luotua strategisen johtamisen ja pedagogisen johtamisen toimintamallia, jonka l\u00f6yd\u00e4t t\u00e4\u00e4lt\u00e4. Toimeenpanossa varmistetaan erityisesti valtakunnallisten tietovarantojen tietojen hy\u00f6dynnett\u00e4vyys systemaattisesti ja<\/p>\n","protected":false},"author":3393,"featured_media":0,"parent":0,"menu_order":0,"comment_status":"closed","ping_status":"closed","template":"","meta":{"footnotes":""},"class_list":["post-432","page","type-page","status-publish","hentry"],"_links":{"self":[{"href":"https:\/\/blog.edu.turku.fi\/strapetsi\/wp-json\/wp\/v2\/pages\/432","targetHints":{"allow":["GET"]}}],"collection":[{"href":"https:\/\/blog.edu.turku.fi\/strapetsi\/wp-json\/wp\/v2\/pages"}],"about":[{"href":"https:\/\/blog.edu.turku.fi\/strapetsi\/wp-json\/wp\/v2\/types\/page"}],"author":[{"embeddable":true,"href":"https:\/\/blog.edu.turku.fi\/strapetsi\/wp-json\/wp\/v2\/users\/3393"}],"replies":[{"embeddable":true,"href":"https:\/\/blog.edu.turku.fi\/strapetsi\/wp-json\/wp\/v2\/comments?post=432"}],"version-history":[{"count":15,"href":"https:\/\/blog.edu.turku.fi\/strapetsi\/wp-json\/wp\/v2\/pages\/432\/revisions"}],"predecessor-version":[{"id":1267,"href":"https:\/\/blog.edu.turku.fi\/strapetsi\/wp-json\/wp\/v2\/pages\/432\/revisions\/1267"}],"wp:attachment":[{"href":"https:\/\/blog.edu.turku.fi\/strapetsi\/wp-json\/wp\/v2\/media?parent=432"}],"curies":[{"name":"wp","href":"https:\/\/api.w.org\/{rel}","templated":true}]}}