{"id":4,"date":"2022-01-10T12:59:45","date_gmt":"2022-01-10T10:59:45","guid":{"rendered":"https:\/\/blog.edu.turku.fi\/projektit\/?page_id=4"},"modified":"2025-03-10T12:35:37","modified_gmt":"2025-03-10T10:35:37","slug":"etusivu","status":"publish","type":"page","link":"https:\/\/blog.edu.turku.fi\/projektit\/","title":{"rendered":"Etusivu"},"content":{"rendered":"<div class=\"ds-1col node node--page view-mode-full node--full node--page--full theme-color-blue clearfix\">\n<div class=\"field field--name-body field--type-text-with-summary field--label-hidden\">\n<div class=\"field__items\">\n<div class=\"field__item even\">\n<p><span style=\"font-size: 16px; font-weight: 400;\">Projektitoiminta on erinomainen keino kehitt\u00e4\u00e4 toimintaa ja l\u00f6yt\u00e4\u00e4 ratkaisuja erilaisiin kehitt\u00e4mishaasteisiin. Turun kaupungin kasvatuksen ja opetuksen palvelukokonaisuudessa ja sen palvelualueilla toteutetaan jatkuvasti valtava m\u00e4\u00e4r\u00e4 erilaisia projekteja.<\/span><\/p>\n<p>Turun kaupungin kasvatuksen ja opetuksen palvelukokonaisuuden projektit on jaettu projektisalkkuihin, joiden tavoitteena on tukea toimialan strategista kehitt\u00e4mist\u00e4, parantaa projekti- ja hankekokonaisuuksien hallintaa ja johtamista sek\u00e4 tuottaa uusia toimintamalleja, k\u00e4yt\u00e4nt\u00f6j\u00e4 ja tuotteita organisaation toiminnan tueksi.<\/p>\n<p><strong>Toimintalupaukset<\/strong><\/p>\n<ol style=\"font-weight: 400;\">\n<li data-charcodes=\"65533,0,46\" data-buautonum=\"8\" data-margin=\"810\" data-aria-posinset=\"1\" data-aria-level=\"1\"><span data-scheme-color=\"@000000,1,\" data-usefontface=\"false\" data-contrast=\"none\">K\u00e4yt\u00e4mme julkisia resursseja vastuullisesti, viisaasti\u00a0<\/span><span data-scheme-color=\"@000000,1,\" data-usefontface=\"false\" data-contrast=\"none\">ja tehokkaasti (henkil\u00f6t, aikataulut, rahat)<\/span>\u200b<\/li>\n<li data-charcodes=\"65533,0,46\" data-buautonum=\"8\" data-margin=\"810\" data-aria-posinset=\"2\" data-aria-level=\"1\"><span data-scheme-color=\"@000000,1,\" data-usefontface=\"false\" data-contrast=\"none\">Toimimme kest\u00e4v\u00e4n kehityksen periaatteiden\u00a0<\/span><span data-scheme-color=\"@000000,1,\" data-usefontface=\"false\" data-contrast=\"none\">mukaisesti<\/span>\u200b<\/li>\n<li data-charcodes=\"65533,0,46\" data-buautonum=\"8\" data-margin=\"810\" data-aria-posinset=\"3\" data-aria-level=\"1\"><span data-scheme-color=\"@000000,1,\" data-usefontface=\"false\" data-contrast=\"none\">Toimintamme on avointa, l\u00e4pin\u00e4kyv\u00e4\u00e4 ja kest\u00e4\u00e4\u00a0<\/span><span data-scheme-color=\"@000000,1,\" data-usefontface=\"false\" data-contrast=\"none\">kriittisen tarkastelun.<\/span>\u200b<\/li>\n<li data-charcodes=\"65533,0,46\" data-buautonum=\"8\" data-margin=\"810\" data-aria-posinset=\"4\" data-aria-level=\"1\"><span data-scheme-color=\"@000000,1,\" data-usefontface=\"false\" data-contrast=\"none\">Osallistamme asiakkaat yhdess\u00e4 tekemiseen ja\u00a0<\/span><span data-scheme-color=\"@000000,1,\" data-usefontface=\"false\" data-contrast=\"none\">ideoimiseen<\/span>\u200b<\/li>\n<li data-charcodes=\"65533,0,46\" data-buautonum=\"8\" data-margin=\"810\" data-aria-posinset=\"5\" data-aria-level=\"1\"><span data-scheme-color=\"@000000,1,\" data-usefontface=\"false\" data-contrast=\"none\">Etsimme uudenlaisia n\u00e4k\u00f6kulmia, toimintatapoja ja\u00a0<\/span><span data-scheme-color=\"@000000,1,\" data-usefontface=\"false\" data-contrast=\"none\">ratkaisuja kehitt\u00e4misty\u00f6h\u00f6n yhdess\u00e4 kumppanien\u00a0<\/span><span data-scheme-color=\"@000000,1,\" data-usefontface=\"false\" data-contrast=\"none\">kanssa<\/span>\u200b<\/li>\n<\/ol>\n<\/div>\n<\/div>\n<\/div>\n<\/div>\n\n<div class=\"cff-wrapper\">\t<div id=\"cff-visual-header-352660528454574\" class=\"cff-visual-header cff-has-name cff-has-about cff-has-cover\">\n\t\t\t\t\t\t<div class=\"cff-header-hero\">\n\t\t\t<img decoding=\"async\" src=\"https:\/\/scontent-hel3-1.xx.fbcdn.net\/v\/t39.30808-6\/611531706_1205155121748277_8321242447401176735_n.jpg?_nc_cat=100&#038;ccb=1-7&#038;_nc_sid=351699&#038;_nc_ohc=MWporlA8vxMQ7kNvwHb8z8U&#038;_nc_oc=AdoAxXDK6rO15y_WbH-0AxffQe6OTdzh4NvN6mnW6KwYAa2hVUwpwUgNr9bXciFmCWs&#038;_nc_zt=23&#038;_nc_ht=scontent-hel3-1.xx&#038;edm=AJdBtusEAAAA&#038;_nc_gid=o3IH0xsxd7E-TItuvPhxqw&#038;_nc_tpa=Q5bMBQGrw78kSDrAhBlH-rmNqCHZq10tf9vyrdmVvcYSTyy250EEZFnly5JWo4gZxUuJl1uaVQFJvL6rmQ&#038;oh=00_Af2zsAOEwtCvl30uIC3lR7dDV9t0z0VC2c9Eh5AUKiBETw&#038;oe=69F69223\" alt=\"Cover for Lasten ja nuorten projektit, Turku\" data-cover-url=\"https:\/\/scontent-hel3-1.xx.fbcdn.net\/v\/t39.30808-6\/611531706_1205155121748277_8321242447401176735_n.jpg?_nc_cat=100&#038;ccb=1-7&#038;_nc_sid=351699&#038;_nc_ohc=MWporlA8vxMQ7kNvwHb8z8U&#038;_nc_oc=AdoAxXDK6rO15y_WbH-0AxffQe6OTdzh4NvN6mnW6KwYAa2hVUwpwUgNr9bXciFmCWs&#038;_nc_zt=23&#038;_nc_ht=scontent-hel3-1.xx&#038;edm=AJdBtusEAAAA&#038;_nc_gid=o3IH0xsxd7E-TItuvPhxqw&#038;_nc_tpa=Q5bMBQGrw78kSDrAhBlH-rmNqCHZq10tf9vyrdmVvcYSTyy250EEZFnly5JWo4gZxUuJl1uaVQFJvL6rmQ&#038;oh=00_Af2zsAOEwtCvl30uIC3lR7dDV9t0z0VC2c9Eh5AUKiBETw&#038;oe=69F69223\">\n\t\t\t\t\t\t<div class=\"cff-likes-box\">\n\t\t\t\t<div class=\"cff-square-logo\"><svg aria-hidden=\"true\" focusable=\"false\" data-prefix=\"fab\" data-icon=\"facebook-square\" role=\"img\" xmlns=\"http:\/\/www.w3.org\/2000\/svg\" viewBox=\"0 0 448 512\" class=\"svg-inline--fa fa-facebook-square fa-w-14\"><path fill=\"currentColor\" d=\"M400 32H48A48 48 0 0 0 0 80v352a48 48 0 0 0 48 48h137.25V327.69h-63V256h63v-54.64c0-62.15 37-96.48 93.67-96.48 27.14 0 55.52 4.84 55.52 4.84v61h-31.27c-30.81 0-40.42 19.12-40.42 38.73V256h68.78l-11 71.69h-57.78V480H400a48 48 0 0 0 48-48V80a48 48 0 0 0-48-48z\" class=\"\"><\/path><\/svg><\/div>\n\t\t\t\t<div class=\"cff-likes-count\">\n\t\t\t\t\t413\t\t\t\t<\/div>\n\t\t\t<\/div>\n\t\t\t\t\t<\/div>\n\t\t\t\t<div class=\"cff-header-inner-wrap\">\n\t\t\t\t\t\t\t<div class=\"cff-header-img\">\n\t\t\t\t\t<a href=\"https:\/\/www.facebook.com\/352660528454574\" target=\"_blank\" rel=\"nofollow noopener\" title=\"Lasten ja nuorten projektit, Turku\"><img decoding=\"async\" src=\"https:\/\/scontent-hel3-1.xx.fbcdn.net\/v\/t39.30808-1\/611618242_1205155398414916_893812240944576298_n.jpg?stp=dst-jpg_s160x160_tt6&#038;_nc_cat=111&#038;ccb=1-7&#038;_nc_sid=08baa4&#038;_nc_ohc=72sasTF0HYgQ7kNvwHW3rWl&#038;_nc_oc=Adruc6hAYzP4aR9VIdMz_Q2SfBNF6CbsuBsaCl4DrE3w3TOyqGrmWJklHGLcvY-_o9w&#038;_nc_zt=24&#038;_nc_ht=scontent-hel3-1.xx&#038;edm=AJdBtusEAAAA&#038;_nc_gid=o3IH0xsxd7E-TItuvPhxqw&#038;_nc_tpa=Q5bMBQFxP05Sb7yi-iz64W9ej38JyhujbTIP0XJ2C1wbWeL11hf_GQT1tTa-yQUfcrXD6S9myM52Y5vFiw&#038;oh=00_Af2jShRPIvhg-w_9HXA_LEunRcRW1VRi3gB7PvuK2XEYQQ&#038;oe=69F68417\" alt=\"Lasten ja nuorten projektit, Turku\" data-avatar=\"https:\/\/scontent-hel3-1.xx.fbcdn.net\/v\/t39.30808-1\/611618242_1205155398414916_893812240944576298_n.jpg?stp=dst-jpg_s160x160_tt6&#038;_nc_cat=111&#038;ccb=1-7&#038;_nc_sid=08baa4&#038;_nc_ohc=72sasTF0HYgQ7kNvwHW3rWl&#038;_nc_oc=Adruc6hAYzP4aR9VIdMz_Q2SfBNF6CbsuBsaCl4DrE3w3TOyqGrmWJklHGLcvY-_o9w&#038;_nc_zt=24&#038;_nc_ht=scontent-hel3-1.xx&#038;edm=AJdBtusEAAAA&#038;_nc_gid=o3IH0xsxd7E-TItuvPhxqw&#038;_nc_tpa=Q5bMBQFxP05Sb7yi-iz64W9ej38JyhujbTIP0XJ2C1wbWeL11hf_GQT1tTa-yQUfcrXD6S9myM52Y5vFiw&#038;oh=00_Af2jShRPIvhg-w_9HXA_LEunRcRW1VRi3gB7PvuK2XEYQQ&#038;oe=69F68417\"><\/a>\n\t\t\t\t<\/div>\n\t\t\t\t\t\t<div class=\"cff-header-text\" >\n\n\t\t\t\t            <a href=\"https:\/\/www.facebook.com\/352660528454574\" target=\"_blank\" rel=\"nofollow noopener\" title=\"Lasten ja nuorten projektit, Turku\" class=\"cff-header-name\"><h3 style=\"font-size:inheritpx;\">Lasten ja nuorten projektit, Turku<\/h3><\/a>\n\t\t\t\t        \t\t\t\t\t\t\t<p class=\"cff-bio\">Lasten ja nuorten projektit sivulla tiedotetaan kehitt\u00e4mistoiminnan ajankohtaisista asioista.<\/p>\n\t\t\t\t\t\t<\/div>\n\t\t<\/div>\n\t<\/div>\n<div class=\"cff-wrapper-ctn  cff-wrapper-fixed-height\"  style=\"height:271px;\" ><div id=\"cff\"  class=\"cff cff-list-container  cff-fixed-height  cff-default-styles  cff-mob-cols-1 cff-tab-cols-1\"   style=\"width:100%;\"   data-char=\"400\" ><div class=\"cff-posts-wrap\"><div id=\"cff_352660528454574_1292583256338796\" class=\"cff-item cff-status-post cff-album author-lasten-ja-nuorten-projektit-turku\"  style=\"border-bottom: 1px solid #ddd;\">\n\t<div class=\"cff-author\">\n\t<div class=\"cff-author-text\">\n\t\t\t\t\t<div class=\"cff-page-name cff-author-date\" >\n\t\t\t\t<a href=\"https:\/\/facebook.com\/352660528454574\" target=\"_blank\" rel=\"nofollow noopener\" >Lasten ja nuorten projektit, Turku<\/a>\n\t\t\t\t<span class=\"cff-story\"> <\/span>\n\t\t\t<\/div>\n\t\t\t\n<p class=\"cff-date\" > 2 days ago <\/p>\n\t\t\t<\/div>\n\t<div class=\"cff-author-img \" data-avatar=\"https:\/\/scontent-hel3-1.xx.fbcdn.net\/v\/t39.30808-1\/611618242_1205155398414916_893812240944576298_n.jpg?stp=cp0_dst-jpg_s50x50_tt6&#038;_nc_cat=111&#038;ccb=1-7&#038;_nc_sid=f907e8&#038;_nc_ohc=72sasTF0HYgQ7kNvwHW3rWl&#038;_nc_oc=Adruc6hAYzP4aR9VIdMz_Q2SfBNF6CbsuBsaCl4DrE3w3TOyqGrmWJklHGLcvY-_o9w&#038;_nc_zt=24&#038;_nc_ht=scontent-hel3-1.xx&#038;edm=AKIiGfEEAAAA&#038;_nc_gid=TF3ckxRv1UlYNQ0TXWXxMQ&#038;_nc_tpa=Q5bMBQF5UysS3FRqzDQ_ogfuDNgEaNcDPfNKTUeDV2d_dptX1bsniPFoZRSQV9lUB3LNq-nHCO9naSJ3Kg&#038;oh=00_Af2VaH7uiQgi_VLE1C6g2WE6JB0I8aXUEUKYXWk-pZpgMQ&#038;oe=69F68417\">\n\t\t<a href=\"https:\/\/facebook.com\/352660528454574\" target=\"_blank\" rel=\"nofollow noopener\" ><img decoding=\"async\" src=\"https:\/\/scontent-hel3-1.xx.fbcdn.net\/v\/t39.30808-1\/611618242_1205155398414916_893812240944576298_n.jpg?stp=cp0_dst-jpg_s50x50_tt6&#038;_nc_cat=111&#038;ccb=1-7&#038;_nc_sid=f907e8&#038;_nc_ohc=72sasTF0HYgQ7kNvwHW3rWl&#038;_nc_oc=Adruc6hAYzP4aR9VIdMz_Q2SfBNF6CbsuBsaCl4DrE3w3TOyqGrmWJklHGLcvY-_o9w&#038;_nc_zt=24&#038;_nc_ht=scontent-hel3-1.xx&#038;edm=AKIiGfEEAAAA&#038;_nc_gid=TF3ckxRv1UlYNQ0TXWXxMQ&#038;_nc_tpa=Q5bMBQF5UysS3FRqzDQ_ogfuDNgEaNcDPfNKTUeDV2d_dptX1bsniPFoZRSQV9lUB3LNq-nHCO9naSJ3Kg&#038;oh=00_Af2VaH7uiQgi_VLE1C6g2WE6JB0I8aXUEUKYXWk-pZpgMQ&#038;oe=69F68417\" title=\"Lasten ja nuorten projektit, Turku\" alt=\"Lasten ja nuorten projektit, Turku\" width=40 height=40 onerror=\"this.style.display='none'\"><\/a>\n\t<\/div>\n<\/div>\n\n<div class=\"cff-post-text\" >\n\t<span class=\"cff-text\" data-color=\"\">\n\t\tCare about IT -kehitt\u00e4j\u00e4opettajat Minna Ikiviita, Jenni Suonp\u00e4\u00e4 ja Jenna Pesola olivat esittelem\u00e4ss\u00e4 hanketta ja sen tuotoksia Suomen suurimmassa digitaalisen koulutuksen ja oppimisen tapahtumassa ITK 2026:ssa. Tapahtuman teemana oli t\u00e4n\u00e4 vuonna &quot;Ajattele. Uskalla. Opi.&quot;, joka sopii terveys- ja hyvinvointiteknologian kv-hankkeeseen kuin nen\u00e4 p\u00e4\u00e4h\u00e4n.<img class=\"cff-linebreak\" \/><img class=\"cff-linebreak\" \/>Keskiviikkona osallistuimme Opetushallituksen workshopiin ammatillisen koulutuksen ketterist\u00e4 digitaalisista osaamisen kehitt\u00e4misratkaisuista. Erityisen kiinnostavaa oli kuulla uusista digivihreist\u00e4 tutkinnon osista. Saimme my\u00f6s puheenvuoron, jossa Jenna p\u00e4\u00e4si kertomaan, millaisia pieni\u00e4 osaamiskokonaisuuksia Care about IT -hankkeessa on yhteiskehitetty.<img class=\"cff-linebreak\" \/><img class=\"cff-linebreak\" \/><a href=\"https:\/\/www.oph.fi\/fi\/koulutus-ja-tutkinnot\/digivihreat-tutkinnon-osat\" rel='nofollow noopener noreferrer'>www.oph.fi\/fi\/koulutus-ja-tutkinnot\/digivihreat-tutkinnon-osat<\/a><img class=\"cff-linebreak\" \/><img class=\"cff-linebreak\" \/><a href=\"https:\/\/itk-konferenssi.fi\/event\/ammatillisen-koulutuksen-ketterat-digitaalisen-osaamisen-kehittamisratkaisut-307\/\" rel='nofollow noopener noreferrer'>itk-konferenssi.fi\/event\/ammatillisen-koulutuksen-ketterat-digitaalisen-osaamisen-kehittamisratka&#8230;<\/a><img class=\"cff-linebreak\" \/><img class=\"cff-linebreak\" \/>Posterimme &quot;Pienten osaamiskokonaisuuksien monialainen kehitt\u00e4minen kansainv\u00e4lisess\u00e4 yhteisty\u00f6ss\u00e4&quot; oli esill\u00e4 posteriosastolla keskiviikosta perjantaihin. Posterien \u00e4\u00e4rell\u00e4 k\u00e4vimme mielenkiintoisia keskusteluja pienist\u00e4 osaamiskokonaisuuksista sek\u00e4 mahdollisista tulevaisuuden yhteisty\u00f6kuvioista.<img class=\"cff-linebreak\" \/><img class=\"cff-linebreak\" \/><a href=\"https:\/\/itk-konferenssi.fi\/event\/itk2026-konferenssi-277\/track\/pienten-osaamiskokonaisuuksien-monialainen-kehittaminen-kansainvalisessa-yhteistyossa-143701\" rel='nofollow noopener noreferrer'>itk-konferenssi.fi\/event\/itk2026-konferenssi-277\/track\/pienten-osaamiskokonaisuuksien-monialainen&#8230;<\/a><img class=\"cff-linebreak\" \/><img class=\"cff-linebreak\" \/>Perjantain kruunasi esityksemme hackathonista joustavana opetusmenetelm\u00e4n\u00e4 monialaiseen innovointiin. Minna ja Jenni her\u00e4ttiv\u00e4t yleis\u00f6n ajatuksia v\u00e4h\u00e4n erilaisesta tavasta toimia tiimiss\u00e4 ty\u00f6el\u00e4m\u00e4l\u00e4ht\u00f6isesti.<img class=\"cff-linebreak\" \/><img class=\"cff-linebreak\" \/><a href=\"https:\/\/itk-konferenssi.fi\/event\/itk2026-konferenssi-277\/track\/hackathon-joustavana-opetusmenetelmana-monialaiseen-innovointiin-case-hyvinvointiteknologia-143718\" rel='nofollow noopener noreferrer'>itk-konferenssi.fi\/event\/itk2026-konferenssi-277\/track\/hackathon-joustavana-opetusmenetelmana-mon&#8230;<\/a><img class=\"cff-linebreak\" \/><img class=\"cff-linebreak\" \/>Kaiken kaikkiaan j\u00e4lleen \u00e4\u00e4rimm\u00e4isen kiinnostava ja innostava tapahtuma. Ajatusten vaihto vanhojen ja uusien tuttavuuksien kanssa saa aikaan tuoreita, entist\u00e4 parempia ideoita, joita l\u00e4hte\u00e4 kehitt\u00e4m\u00e4\u00e4n.<img class=\"cff-linebreak\" \/><img class=\"cff-linebreak\" \/>Terveisin kehitt\u00e4j\u00e4opettajat Minna, Jenni ja Jenna<img class=\"cff-linebreak\" \/><img class=\"cff-linebreak\" \/>#ITK2026 <a href=\"https:\/\/facebook.com\/661393810605770\">#turunammattiinstituutti<\/a> <img class=\"cff-linebreak\" \/><img class=\"cff-linebreak\" \/><a href=\"https:\/\/facebook.com\/117460701614431\">TAI &#8211; Turun ammatti-instituutti, \u00c5bo yrkesinstitut<\/a> <a href=\"https:\/\/facebook.com\/180300125348177\">Turun kaupunki &#8211; kasvatus ja opetus<\/a>\t\t\t<\/span>\n\t<span class=\"cff-expand\">&#8230; <a href=\"#\" style=\"color: #\"><span class=\"cff-more\">See More<\/span><span class=\"cff-less\">See Less<\/span><\/a><\/span>\n\n<\/div>\n\n<p class=\"cff-media-link\">\n\t<a href=\"https:\/\/www.facebook.com\/952607350336390\/posts\/1292583256338796\" target=\"_blank\" style=\"color: #\">\n\t\t<span style=\"padding-right: 5px;\" class=\"fa fas fa-picture-o fa-image\"><\/span>Photo\t<\/a>\n<\/p>\n\t<div class=\"cff-post-links\">\n\t\t\t\t\t<a class=\"cff-viewpost-facebook\" href=\"https:\/\/www.facebook.com\/952607350336390\/posts\/1292583256338796\" title=\"View on Facebook\" target=\"_blank\" rel=\"nofollow noopener\" >View on Facebook<\/a>\n\t\t\t\t\t\t\t<div class=\"cff-share-container\">\n\t\t\t\t\t\t\t\t\t<span class=\"cff-dot\" >&middot;<\/span>\n\t\t\t\t\t\t\t\t<a class=\"cff-share-link\" href=\"https:\/\/www.facebook.com\/sharer\/sharer.php?u=https%3A%2F%2Fwww.facebook.com%2F952607350336390%2Fposts%2F1292583256338796\" title=\"Share\" >Share<\/a>\n\t\t\t\t<p class=\"cff-share-tooltip\">\n\t\t\t\t\t\t\t\t\t\t\t<a href=\"https:\/\/www.facebook.com\/sharer\/sharer.php?u=https%3A%2F%2Fwww.facebook.com%2F952607350336390%2Fposts%2F1292583256338796\" target=\"_blank\" rel=\"noopener noreferrer\" class=\"cff-facebook-icon\">\n\t\t\t\t\t\t\t<span class=\"fa fab fa-facebook-square\" aria-hidden=\"true\"><\/span>\n\t\t\t\t\t\t\t<span class=\"cff-screenreader\">Share on Facebook<\/span>\n\t\t\t\t\t\t<\/a>\n\t\t\t\t\t\t\t\t\t\t\t<a href=\"https:\/\/twitter.com\/intent\/tweet?text=https%3A%2F%2Fwww.facebook.com%2F952607350336390%2Fposts%2F1292583256338796\" target=\"_blank\" rel=\"noopener noreferrer\" class=\"cff-twitter-icon\">\n\t\t\t\t\t\t\t<span class=\"fa fab fa-twitter\" aria-hidden=\"true\"><\/span>\n\t\t\t\t\t\t\t<span class=\"cff-screenreader\">Share on Twitter<\/span>\n\t\t\t\t\t\t<\/a>\n\t\t\t\t\t\t\t\t\t\t\t<a href=\"https:\/\/www.linkedin.com\/shareArticle?mini=true&#038;url=https%3A%2F%2Fwww.facebook.com%2F952607350336390%2Fposts%2F1292583256338796&#038;title=%09%09%09Care%20about%20IT%20-kehitt%C3%A4j%C3%A4opettajat%20Minna%20Ikiviita%2C%20Jenni%20Suonp%C3%A4%C3%A4%20ja%20Jenna%20Pesola%20olivat%20esittelem%C3%A4ss%C3%A4%20hanketta%20ja%20sen%20tuotoksia%20Suomen%20suurimmassa%20digitaalisen%20koulutuksen%20ja%20oppimisen%20tapahtumassa%20ITK%202026%3Assa.%20Tapahtuman%20teemana%20oli%20t%C3%A4n%C3%A4%20vuonna%20%26quot%3BAjattele.%20Uskalla.%20Opi.%26quot%3B%2C%20joka%20sopii%20terveys-%20ja%20hyvinvointiteknologian%20kv-hankkeeseen%20kuin%20nen%C3%A4%20p%C3%A4%C3%A4h%C3%A4n.Keskiviikkona%20osallistuimme%20Opetushallituksen%20workshopiin%20ammatillisen%20koulutuksen%20ketterist%C3%A4%20digitaalisista%20osaamisen%20kehitt%C3%A4misratkaisuista.%20Erityisen%20kiinnostavaa%20oli%20kuulla%20uusista%20digivihreist%C3%A4%20tutkinnon%20osista.%20Saimme%20my%C3%B6s%20puheenvuoron%2C%20jossa%20Jenna%20p%C3%A4%C3%A4si%20kertomaan%2C%20millaisia%20pieni%C3%A4%20osaamiskokonaisuuksia%20Care%20about%20IT%20-hankkeessa%20on%20yhteiskehitetty.www.oph.fi%2Ffi%2Fkoulutus-ja-tutkinnot%2Fdigivihreat-tutkinnon-osatitk-konferenssi.fi%2Fevent%2Fammatillisen-koulutuksen-ketterat-digitaalisen-osaamisen-kehittamisratka...Posterimme%20%26quot%3BPienten%20osaamiskokonaisuuksien%20monialainen%20kehitt%C3%A4minen%20kansainv%C3%A4lisess%C3%A4%20yhteisty%C3%B6ss%C3%A4%26quot%3B%20oli%20esill%C3%A4%20posteriosastolla%20keskiviikosta%20perjantaihin.%20Posterien%20%C3%A4%C3%A4rell%C3%A4%20k%C3%A4vimme%20mielenkiintoisia%20keskusteluja%20pienist%C3%A4%20osaamiskokonaisuuksista%20sek%C3%A4%20mahdollisista%20tulevaisuuden%20yhteisty%C3%B6kuvioista.itk-konferenssi.fi%2Fevent%2Fitk2026-konferenssi-277%2Ftrack%2Fpienten-osaamiskokonaisuuksien-monialainen...Perjantain%20kruunasi%20esityksemme%20hackathonista%20joustavana%20opetusmenetelm%C3%A4n%C3%A4%20monialaiseen%20innovointiin.%20Minna%20ja%20Jenni%20her%C3%A4ttiv%C3%A4t%20yleis%C3%B6n%20ajatuksia%20v%C3%A4h%C3%A4n%20erilaisesta%20tavasta%20toimia%20tiimiss%C3%A4%20ty%C3%B6el%C3%A4m%C3%A4l%C3%A4ht%C3%B6isesti.itk-konferenssi.fi%2Fevent%2Fitk2026-konferenssi-277%2Ftrack%2Fhackathon-joustavana-opetusmenetelmana-mon...Kaiken%20kaikkiaan%20j%C3%A4lleen%20%C3%A4%C3%A4rimm%C3%A4isen%20kiinnostava%20ja%20innostava%20tapahtuma.%20Ajatusten%20vaihto%20vanhojen%20ja%20uusien%20tuttavuuksien%20kanssa%20saa%20aikaan%20tuoreita%2C%20entist%C3%A4%20parempia%20ideoita%2C%20joita%20l%C3%A4hte%C3%A4%20kehitt%C3%A4m%C3%A4%C3%A4n.Terveisin%20kehitt%C3%A4j%C3%A4opettajat%20Minna%2C%20Jenni%20ja%20Jenna%23ITK2026%20%23turunammattiinstituutti%20TAI%20-%20Turun%20ammatti-instituutti%2C%20%C3%85bo%20yrkesinstitut%20Turun%20kaupunki%20-%20kasvatus%20ja%20opetus%09%09%09%09\" target=\"_blank\" rel=\"noopener noreferrer\" class=\"cff-linkedin-icon\">\n\t\t\t\t\t\t\t<span class=\"fa fab fa-linkedin\" aria-hidden=\"true\"><\/span>\n\t\t\t\t\t\t\t<span class=\"cff-screenreader\">Share on Linked In<\/span>\n\t\t\t\t\t\t<\/a>\n\t\t\t\t\t\t\t\t\t\t\t<a href=\"mailto:?subject=Facebook&#038;body=https%3A%2F%2Fwww.facebook.com%2F952607350336390%2Fposts%2F1292583256338796%20-%20%0A%0A%09%0A%09%09Care%20about%20IT%20-kehitt%C3%A4j%C3%A4opettajat%20Minna%20Ikiviita%2C%20Jenni%20Suonp%C3%A4%C3%A4%20ja%20Jenna%20Pesola%20olivat%20esittelem%C3%A4ss%C3%A4%20hanketta%20ja%20sen%20tuotoksia%20Suomen%20suurimmassa%20digitaalisen%20koulutuksen%20ja%20oppimisen%20tapahtumassa%20ITK%202026%3Assa.%20Tapahtuman%20teemana%20oli%20t%C3%A4n%C3%A4%20vuonna%20%26quot%3BAjattele.%20Uskalla.%20Opi.%26quot%3B%2C%20joka%20sopii%20terveys-%20ja%20hyvinvointiteknologian%20kv-hankkeeseen%20kuin%20nen%C3%A4%20p%C3%A4%C3%A4h%C3%A4n.Keskiviikkona%20osallistuimme%20Opetushallituksen%20workshopiin%20ammatillisen%20koulutuksen%20ketterist%C3%A4%20digitaalisista%20osaamisen%20kehitt%C3%A4misratkaisuista.%20Erityisen%20kiinnostavaa%20oli%20kuulla%20uusista%20digivihreist%C3%A4%20tutkinnon%20osista.%20Saimme%20my%C3%B6s%20puheenvuoron%2C%20jossa%20Jenna%20p%C3%A4%C3%A4si%20kertomaan%2C%20millaisia%20pieni%C3%A4%20osaamiskokonaisuuksia%20Care%20about%20IT%20-hankkeessa%20on%20yhteiskehitetty.www.oph.fi%2Ffi%2Fkoulutus-ja-tutkinnot%2Fdigivihreat-tutkinnon-osatitk-konferenssi.fi%2Fevent%2Fammatillisen-koulutuksen-ketterat-digitaalisen-osaamisen-kehittamisratka...Posterimme%20%26quot%3BPienten%20osaamiskokonaisuuksien%20monialainen%20kehitt%C3%A4minen%20kansainv%C3%A4lisess%C3%A4%20yhteisty%C3%B6ss%C3%A4%26quot%3B%20oli%20esill%C3%A4%20posteriosastolla%20keskiviikosta%20perjantaihin.%20Posterien%20%C3%A4%C3%A4rell%C3%A4%20k%C3%A4vimme%20mielenkiintoisia%20keskusteluja%20pienist%C3%A4%20osaamiskokonaisuuksista%20sek%C3%A4%20mahdollisista%20tulevaisuuden%20yhteisty%C3%B6kuvioista.itk-konferenssi.fi%2Fevent%2Fitk2026-konferenssi-277%2Ftrack%2Fpienten-osaamiskokonaisuuksien-monialainen...Perjantain%20kruunasi%20esityksemme%20hackathonista%20joustavana%20opetusmenetelm%C3%A4n%C3%A4%20monialaiseen%20innovointiin.%20Minna%20ja%20Jenni%20her%C3%A4ttiv%C3%A4t%20yleis%C3%B6n%20ajatuksia%20v%C3%A4h%C3%A4n%20erilaisesta%20tavasta%20toimia%20tiimiss%C3%A4%20ty%C3%B6el%C3%A4m%C3%A4l%C3%A4ht%C3%B6isesti.itk-konferenssi.fi%2Fevent%2Fitk2026-konferenssi-277%2Ftrack%2Fhackathon-joustavana-opetusmenetelmana-mon...Kaiken%20kaikkiaan%20j%C3%A4lleen%20%C3%A4%C3%A4rimm%C3%A4isen%20kiinnostava%20ja%20innostava%20tapahtuma.%20Ajatusten%20vaihto%20vanhojen%20ja%20uusien%20tuttavuuksien%20kanssa%20saa%20aikaan%20tuoreita%2C%20entist%C3%A4%20parempia%20ideoita%2C%20joita%20l%C3%A4hte%C3%A4%20kehitt%C3%A4m%C3%A4%C3%A4n.Terveisin%20kehitt%C3%A4j%C3%A4opettajat%20Minna%2C%20Jenni%20ja%20Jenna%23ITK2026%20%23turunammattiinstituutti%20TAI%20-%20Turun%20ammatti-instituutti%2C%20%C3%85bo%20yrkesinstitut%20Turun%20kaupunki%20-%20kasvatus%20ja%20opetus%09%09%09%0A%09\" target=\"_blank\" rel=\"noopener noreferrer\" class=\"cff-email-icon\">\n\t\t\t\t\t\t\t<span class=\"fa fab fa-envelope\" aria-hidden=\"true\"><\/span>\n\t\t\t\t\t\t\t<span class=\"cff-screenreader\">Share by Email<\/span>\n\t\t\t\t\t\t<\/a>\n\t\t\t\t\t\t\t\t\t<\/p>\n\t\t\t<\/div>\n\t\t\t<\/div>\n\t<\/div>\n\n\n\n\n<div class=\"cff-likebox cff-bottom\" >\n\t\t<iframe title=\"Likebox Iframe\" src=\"\" class=\"fb_iframe_widget\" data-likebox-id=\"352660528454574\" data-likebox-width=\"300\" data-likebox-header=\"\" data-hide-cover=\"\" data-hide-cta=\"\" data-likebox-faces=\"\" data-height=\"130\" data-locale=\"en_US\" scrolling=\"no\" allowTransparency=\"true\" allow=\"encrypted-media\" ><\/iframe>\n<\/div>\n<\/div><input class=\"cff-pag-url\" type=\"hidden\" data-locatornonce=\"48bd00bb5d\" data-cff-shortcode=\"{&quot;feed&quot;: &quot;1&quot;}\" data-post-id=\"4\" data-feed-id=\"352660528454574\"><\/div><\/div><div class=\"cff-clear\"><\/div><\/div>\n\n\n<p><\/p>\n","protected":false},"excerpt":{"rendered":"<p>Projektitoiminta on erinomainen keino kehitt\u00e4\u00e4 toimintaa ja l\u00f6yt\u00e4\u00e4 ratkaisuja erilaisiin kehitt\u00e4mishaasteisiin. Turun kaupungin kasvatuksen ja opetuksen palvelukokonaisuudessa ja sen palvelualueilla toteutetaan jatkuvasti valtava m\u00e4\u00e4r\u00e4 erilaisia projekteja. Turun kaupungin kasvatuksen ja opetuksen palvelukokonaisuuden projektit on jaettu projektisalkkuihin, joiden tavoitteena on tukea toimialan strategista kehitt\u00e4mist\u00e4, parantaa projekti- ja hankekokonaisuuksien hallintaa ja johtamista sek\u00e4 tuottaa uusia toimintamalleja, k\u00e4yt\u00e4nt\u00f6j\u00e4 &hellip; <a href=\"https:\/\/blog.edu.turku.fi\/projektit\/\" class=\"more-link\">Jatka lukemista<span class=\"screen-reader-text\"> &#8221;Etusivu&#8221;<\/span><\/a><\/p>\n","protected":false},"author":56,"featured_media":0,"parent":0,"menu_order":0,"comment_status":"closed","ping_status":"closed","template":"","meta":{"footnotes":""},"class_list":["post-4","page","type-page","status-publish","hentry"],"_links":{"self":[{"href":"https:\/\/blog.edu.turku.fi\/projektit\/wp-json\/wp\/v2\/pages\/4","targetHints":{"allow":["GET"]}}],"collection":[{"href":"https:\/\/blog.edu.turku.fi\/projektit\/wp-json\/wp\/v2\/pages"}],"about":[{"href":"https:\/\/blog.edu.turku.fi\/projektit\/wp-json\/wp\/v2\/types\/page"}],"author":[{"embeddable":true,"href":"https:\/\/blog.edu.turku.fi\/projektit\/wp-json\/wp\/v2\/users\/56"}],"replies":[{"embeddable":true,"href":"https:\/\/blog.edu.turku.fi\/projektit\/wp-json\/wp\/v2\/comments?post=4"}],"version-history":[{"count":22,"href":"https:\/\/blog.edu.turku.fi\/projektit\/wp-json\/wp\/v2\/pages\/4\/revisions"}],"predecessor-version":[{"id":987,"href":"https:\/\/blog.edu.turku.fi\/projektit\/wp-json\/wp\/v2\/pages\/4\/revisions\/987"}],"wp:attachment":[{"href":"https:\/\/blog.edu.turku.fi\/projektit\/wp-json\/wp\/v2\/media?parent=4"}],"curies":[{"name":"wp","href":"https:\/\/api.w.org\/{rel}","templated":true}]}}