{"id":172,"date":"2024-05-24T10:29:41","date_gmt":"2024-05-24T07:29:41","guid":{"rendered":"https:\/\/blog.edu.turku.fi\/arbistesti\/?page_id=172"},"modified":"2024-08-14T08:40:24","modified_gmt":"2024-08-14T05:40:24","slug":"tillganglighetsbeskrivning","status":"publish","type":"page","link":"https:\/\/blog.edu.turku.fi\/arbis\/?page_id=172","title":{"rendered":"Tillg\u00e4nglighetsbeskrivning"},"content":{"rendered":"\n<p>Denna beskrivning \u00e4r gjord 21.9.2020<\/p>\n\n\n\n<p>I denna tillg\u00e4nglighetsbeskrivning beskrivs hur lagen om tillhandah\u00e5llande av digitala tj\u00e4nster iakttas i tj\u00e4nsten blog.edu.turku.fi, vilka bristerna i webbplatsens tillg\u00e4nglighet \u00e4r och hur du kan ge respons om brister och problem betr\u00e4ffande tillg\u00e4ngligheten.<\/p>\n\n\n\n<h2 class=\"wp-block-heading\">Hur har vi testat tillg\u00e4nglighet?<\/h2>\n\n\n\n<p>Anm\u00e4rkningarna i denna beskrivning grundar sig p\u00e5 en utv\u00e4rdering gjord av en tredje part g\u00e4llande hur webbtj\u00e4nsten m\u00f6ter de krav som lagen st\u00e4ller. Eficode Oy har gjort en tillg\u00e4nglighetsauditering av webbtj\u00e4nsten blog.edu.turku.fi 7.8.2020.&nbsp;<\/p>\n\n\n\n<h2 class=\"wp-block-heading\">Hur tillg\u00e4nglig \u00e4r webbtj\u00e4nsten blog.edu.turku.fi?<\/h2>\n\n\n\n<p>Webbtj\u00e4nsten blog.edu.turku.fi uppfyller till stor del de tillg\u00e4nglighetskriterier p\u00e5 niv\u00e5erna A och AA som kr\u00e4vs enligt lag (kriterier enligt WCAG 2.1). Webbtj\u00e4nsten best\u00e5r av hundratals olika webbplatser, till exempel skolornas och daghemmens hemsidor och andra webbplatser f\u00f6r undervisningen. Webbplatserna uppdateras i f\u00f6rsta hand av daghemmens och skolornas personal som har f\u00e5tt anvisningar om inneh\u00e5llets tillg\u00e4nglighet. Dessutom ordnas tillg\u00e4nglighetsutbildning f\u00f6r inneh\u00e5llsproducenter. Det \u00e4r dock m\u00f6jligt att det f\u00f6rekommer vissa tillg\u00e4nglighetsbrister p\u00e5 enskilda webbplatser.<\/p>\n\n\n\n<p>Webbtj\u00e4nsten blog.edu.turku.fi utvecklas kontinuerligt f\u00f6r att f\u00f6rb\u00e4ttra tillg\u00e4ngligheten s\u00e5v\u00e4l tekniskt som inneh\u00e5llsm\u00e4ssigt. Vid skapandet av nya bloggsidor beaktas tillg\u00e4ngligheten \u00e4nda fr\u00e5n b\u00f6rjan.<\/p>\n\n\n\n<h2 class=\"wp-block-heading\">Kraven p\u00e5 tillg\u00e4nglighet r\u00f6r inte vissa typer av inneh\u00e5ll<\/h2>\n\n\n\n<p>Alla webbplatser i webbtj\u00e4nsten blog.edu.turku.fi omfattas inte av tillg\u00e4nglighetskraven. S\u00e5dana \u00e4r bland annat enskilda klassers eller gruppers webbplatser som skapats f\u00f6r tidsbest\u00e4md undervisning.<\/p>\n\n\n\n<p>De digitala tj\u00e4nster eller webbplatser som finns bakom de l\u00e4nkar som leder bort fr\u00e5n webbtj\u00e4nsten \u00e4r den ifr\u00e5gavarande serviceproducentens ansvar och tillg\u00e4ngligheten f\u00f6r dessa beskrivs i de tillg\u00e4nglighetsbeskrivningar som g\u00e4ller den ifr\u00e5gavarande tj\u00e4nsten.<\/p>\n\n\n\n<h2 class=\"wp-block-heading\">Lade du m\u00e4rke till brister i tillg\u00e4ngligheten?<\/h2>\n\n\n\n<p>Vi str\u00e4var kontinuerligt efter att f\u00f6rb\u00e4ttra tillg\u00e4ngligheten f\u00f6r webbtj\u00e4nsten blog.edu.turku.fi. Om du uppt\u00e4cker problem som inte har beskrivits p\u00e5 denna sida, meddela oss s\u00e5 g\u00f6r vi v\u00e5rt b\u00e4sta f\u00f6r att avhj\u00e4lpa bristerna. Vi svarar normalt inom en vecka. Enligt lagen \u00e4r svarstiden h\u00f6gst 14 dygn.<\/p>\n\n\n\n<p>F\u00f6r blog.edu.turku.fi tr\u00e4der kraven p\u00e5 tillg\u00e4nglighet i kraft 23.9.2020.<\/p>\n\n\n\n<p>Ge respons om tillg\u00e4ngligheten <a href=\"https:\/\/opaskartta.turku.fi\/eFeedback\/sv\/Feedback\/48\/1118\">via detta webbformul\u00e4r<\/a> eller till v\u00e5r e-post: arbis@edu.turku.fi<\/p>\n\n\n\n<p>Regionf\u00f6rvaltningsverket i S\u00f6dra Finland \u00f6vervakar efterlevnaden av tillg\u00e4nglighetskraven. Om du inte \u00e4r n\u00f6jd med det svar du har f\u00e5tt av tj\u00e4nstens ansvarsperson eller inte f\u00e5r n\u00e5got svar alls inom tv\u00e5 veckor, kan du l\u00e4mna in en anm\u00e4lan till Regionf\u00f6rvaltningsverket i S\u00f6dra Finland. P\u00e5 regionf\u00f6rvaltningsverkets webbplats finns noggranna anvisningar om hur du kan anf\u00f6ra besv\u00e4r och hur \u00e4rendet behandlas.<\/p>\n\n\n\n<p>Regionf\u00f6rvaltningsverket i S\u00f6dra Finland<br>Enheten f\u00f6r tillg\u00e4nglighetstillsyn<br><a href=\"https:\/\/www.tillganglighetskrav.fi\/\">www.tillganglighetskrav.fi\/<\/a><br>saavutettavuus(at)avi.fi<br>telefonnummer v\u00e4xel 0295 016 000<\/p>\n\n\n\n<p><a href=\"https:\/\/www.finlex.fi\/sv\/laki\/alkup\/2019\/20190306\">Lag om tillhandah\u00e5llande av digitala tj\u00e4nster (306\/2019)<\/a><\/p>\n","protected":false},"excerpt":{"rendered":"<p>Denna beskrivning \u00e4r gjord 21.9.2020 I denna tillg\u00e4nglighetsbeskrivning beskrivs hur lagen om tillhandah\u00e5llande av digitala tj\u00e4nster iakttas i tj\u00e4nsten blog.edu.turku.fi, &hellip; <\/p>\n","protected":false},"author":3405,"featured_media":0,"parent":0,"menu_order":0,"comment_status":"closed","ping_status":"closed","template":"","meta":{"footnotes":""},"class_list":["post-172","page","type-page","status-publish","hentry"],"_links":{"self":[{"href":"https:\/\/blog.edu.turku.fi\/arbis\/index.php?rest_route=\/wp\/v2\/pages\/172","targetHints":{"allow":["GET"]}}],"collection":[{"href":"https:\/\/blog.edu.turku.fi\/arbis\/index.php?rest_route=\/wp\/v2\/pages"}],"about":[{"href":"https:\/\/blog.edu.turku.fi\/arbis\/index.php?rest_route=\/wp\/v2\/types\/page"}],"author":[{"embeddable":true,"href":"https:\/\/blog.edu.turku.fi\/arbis\/index.php?rest_route=\/wp\/v2\/users\/3405"}],"replies":[{"embeddable":true,"href":"https:\/\/blog.edu.turku.fi\/arbis\/index.php?rest_route=%2Fwp%2Fv2%2Fcomments&post=172"}],"version-history":[{"count":3,"href":"https:\/\/blog.edu.turku.fi\/arbis\/index.php?rest_route=\/wp\/v2\/pages\/172\/revisions"}],"predecessor-version":[{"id":489,"href":"https:\/\/blog.edu.turku.fi\/arbis\/index.php?rest_route=\/wp\/v2\/pages\/172\/revisions\/489"}],"wp:attachment":[{"href":"https:\/\/blog.edu.turku.fi\/arbis\/index.php?rest_route=%2Fwp%2Fv2%2Fmedia&parent=172"}],"curies":[{"name":"wp","href":"https:\/\/api.w.org\/{rel}","templated":true}]}}