{"id":164,"date":"2024-05-24T10:25:48","date_gmt":"2024-05-24T07:25:48","guid":{"rendered":"https:\/\/blog.edu.turku.fi\/arbistesti\/?page_id=164"},"modified":"2025-05-08T13:47:44","modified_gmt":"2025-05-08T10:47:44","slug":"allmanna-fragor","status":"publish","type":"page","link":"https:\/\/blog.edu.turku.fi\/arbis\/?page_id=164","title":{"rendered":"Allm\u00e4nna fr\u00e5gor"},"content":{"rendered":"\n<h2 class=\"wp-block-heading\">Kan man studera vid institutet fast\u00e4n man inte \u00e4r bosatt i \u00c5bo?<\/h2>\n\n\n\n<p>Kurserna och f\u00f6rel\u00e4sningarna \u00e4r \u00f6ppna f\u00f6r alla oberoende av hemkommun eller modersm\u00e5l.<\/p>\n\n\n\n<h2 class=\"wp-block-heading\"><strong>Kan man f\u00e5 ett intyg efter genomf\u00f6rd kurs?<\/strong><\/h2>\n\n\n\n<p>Om du vill f\u00e5 dina kunskaper bed\u00f6mda: meddela l\u00e4raren i b\u00f6rjan av kursen. Intyg skrivs ut mot en avgift  10 \u20ac.<\/p>\n\n\n\n<h2 class=\"wp-block-heading\">Institutets telefon svarar inte \/ numret \u00e4r upptaget?<\/h2>\n\n\n\n<p>P\u00e5 grund av liten personalstyrka har vi inte alltid m\u00f6jlighet att ta emot samtal. Skicka sms till&nbsp; 044 907 4737 s\u00e5 ringer vi upp dig s\u00e5 fort som m\u00f6jligt. Du kan \u00e4ven skicka e-post p\u00e5 adressen: <a href=\"mailto:arbis@edu.turku.fi\">arbis@edu.turku.fi<\/a><\/p>\n\n\n\n<h2 class=\"wp-block-heading\">Hur vet man riktig eller l\u00e4mplig studieniv\u00e5 p\u00e5 t.ex. spr\u00e5k- och motionskurser?<\/h2>\n\n\n\n<p>Om det inte framg\u00e5r av inneh\u00e5llsbeskrivningen, kontakta Arbis f\u00f6r vidarekontakt till ber\u00f6rda l\u00e4rare f\u00f6r personlig diskussion.<\/p>\n\n\n\n<p class=\"has-medium-font-size\"><strong>SPR\u00c5KKURSERNAS NIV\u00c5ER<\/strong><\/p>\n\n\n\n<p>Kursinneh\u00e5llen f\u00f6ljer i regel niv\u00e5f\u00e4rdigheten enligt den europeiska referensramen: A1-2, B1-2, C1-2.<\/p>\n\n\n\n<h3 class=\"wp-block-heading has-medium-font-size\"><strong>Grundl\u00e4ggande niv\u00e5:<\/strong><\/h3>\n\n\n\n<p><strong>A1:<\/strong> Introduktion. M\u00e5ls\u00e4ttning: spr\u00e5kets uppbyggnad och basordf\u00f6rr\u00e5d. Kan f\u00f6rst\u00e5 och anv\u00e4nda mycket enkla ord och fraser. Kan presentera sig sj\u00e4lv och kan st\u00e4lla och besvara enkla fr\u00e5gor. Niv\u00e5 A1 uppn\u00e5s efter ca 100 h studier.<\/p>\n\n\n\n<p><strong>A2:<\/strong> Kan f\u00f6rst\u00e5 fraser och ord som r\u00f6r personliga f\u00f6rh\u00e5llanden. Kan delta i samtal som kr\u00e4ver ett enkelt och direkt utbyte av information. Kan beskriva sig sj\u00e4lv, sin familj och sitt arbete p\u00e5 ett enkelt s\u00e4tt. Niv\u00e5 A2 uppn\u00e5s efter ca 180-220 h studier.<\/p>\n\n\n\n<h3 class=\"wp-block-heading has-medium-font-size\"><strong>Sj\u00e4lvst\u00e4ndig spr\u00e5kf\u00e4rdighet:<\/strong><\/h3>\n\n\n\n<p><strong>B1: <\/strong>Kan f\u00f6rst\u00e5 huvudinneh\u00e5llet i tydligt standardspr\u00e5k. Klarar situationer som uppst\u00e5r vid resor i l\u00e4nder d\u00e4r spr\u00e5ket talas. Kan tala om v\u00e4lk\u00e4nda \u00e4mnen och personliga intresseomr\u00e5den p\u00e5 ett sammanh\u00e4ngande s\u00e4tt. Kan beskriva erfarenheter och h\u00e4ndelser samt motivera \u00e5sikter och id\u00e9er p\u00e5 ett enkelt s\u00e4tt. Niv\u00e5 B1 uppn\u00e5s efter 300 h studier.<\/p>\n\n\n\n<p><strong>B2: <\/strong>Kan f\u00f6lja komplexare texter. F\u00f6rst\u00e5r facktexter inom det egna omr\u00e5det. Kan kommunicera flytande i stort s\u00e4tt utan problem. Kan f\u00f6rklara en st\u00e5ndpunkt och ange f\u00f6r- och nackdelar med olika alternativ. Niv\u00e5 B2 uppn\u00e5s efter 400 h studier.<\/p>\n\n\n\n<h3 class=\"wp-block-heading has-medium-font-size\"><strong>Kompetent spr\u00e5kf\u00e4rdighet:<\/strong><\/h3>\n\n\n\n<p><strong>C1: <\/strong>Kan l\u00e4sa kr\u00e4vande texter. Kan uttrycka sig helt obehindrat utan att m\u00e4rkbart s\u00f6ka efter ord. Kan anv\u00e4nda spr\u00e5ket p\u00e5 ett effektivt och flexibelt s\u00e4tt i sociala sammanhang, arbete och studier. Kan uttala sig klart om komplexa sakf\u00f6rh\u00e5llanden och ge utf\u00f6rliga beskrivningar.<\/p>\n\n\n\n<p><strong>C2: <\/strong>Kan utan problem f\u00f6rst\u00e5 som allt den h\u00f6r\/l\u00e4ser. Kan uttrycka sig spontant och flytande i s\u00e5 gott som alla situationer.<\/p>\n\n\n\n<p class=\"has-medium-font-size\"><strong>MOTIONSKURSERNAS NIV\u00c5ER<\/strong><\/p>\n\n\n\n<p class=\"has-medium-font-size\"><strong><em>l\u00e4tt<\/em><\/strong><\/p>\n\n\n\n<p>Kursen passar alla \u00e5ldersgrupper.&nbsp;Redskap som anv\u00e4nds som hj\u00e4lp under passen \u00e4r l\u00e4tthanterliga och s\u00e4kra.&nbsp;Det ing\u00e5r inga hopp i passen.<\/p>\n\n\n\n<p class=\"has-medium-font-size\"><strong><em>medeltung<\/em><\/strong><\/p>\n\n\n\n<p>Kursen passar personer med tidigare motionsbakgrund.&nbsp;I passen ing\u00e5r medeltunga \u00f6vningar, s\u00e5som kn\u00e4b\u00f6j.<\/p>\n\n\n\n<p class=\"has-medium-font-size\"><strong><em>tung<\/em><\/strong><\/p>\n\n\n\n<p>Med tanke p\u00e5 att kunna genomf\u00f6ra passen rekommenderas att man har tidigare motionsvana.&nbsp;I passen ing\u00e5r hopp och kr\u00e4vande r\u00f6relser som belastar de stora muskelgrupperna.&nbsp;<\/p>\n\n\n\n<p><\/p>\n\n\n\n<h2 class=\"wp-block-heading\">Varf\u00f6r ska man ange sitt personnummer vid anm\u00e4lning?<\/h2>\n\n\n\n<p>Personnumret \u00e4r obligatoriskt f\u00f6r att vi ska kunna skicka fakturan till r\u00e4tt person.<\/p>\n\n\n\n<h2 class=\"wp-block-heading\">Hur betalar man?<\/h2>\n\n\n\n<p>Deltagaravgiften kan betalas elektroniskt. Du f\u00e5r ett e-postmeddelande med en betalningsl\u00e4nk efter att f\u00f6rel\u00e4sningen h\u00e5llits eller n\u00e4r kursen p\u00e5g\u00e5tt en tid. Om deltagaravgiften inte betalas via betalningsl\u00e4nken inom utsatt tid skickas fakturan ist\u00e4llet utan extra kostnad per post till den uppgivna adressen eller till OmaPosti. Om fakturan l\u00e4mnas obetald \u00e4r avgiftsbeloppet indrivningsbart. <\/p>\n\n\n\n<h2 class=\"wp-block-heading\">Efter att man har anm\u00e4lt sig, hur vet man om kursen\/f\u00f6rel\u00e4sningen startar?<\/h2>\n\n\n\n<p>I allm\u00e4nhet avg\u00f6rs kursstart&nbsp;en vecka&nbsp;f\u00f6re planerat startdatum. H\u00f6r du inget fr\u00e5n Arbis b\u00f6rjar kursen s\u00e5som det st\u00e5r&nbsp;i studieprogrammet. Om kursen inhiberas f\u00e5r de anm\u00e4lda meddelande per&nbsp;sms eller e-post.<\/p>\n\n\n\n<h2 class=\"wp-block-heading\">Hur och n\u00e4r ska man annullera sin anm\u00e4lning?<\/h2>\n\n\n\n<p>Via samma n\u00e4tanm\u00e4lningsadress eller genom att kontakta Arbis kansli.<br>Om inte annat anges i kursinfon, annullera anm\u00e4lningen senast en vecka f\u00f6re planerat startdatum f\u00f6r kursen eller f\u00f6rel\u00e4sningen. I annat fall s\u00e4nds kursfakturan till dig och den \u00e4r indrivningsbar.<\/p>\n\n\n\n<h2 class=\"wp-block-heading\">Kan man ge sin kursplats till en annan person?<\/h2>\n\n\n\n<p>Alla studieplatser \u00e4r individuella. Det g\u00e5r inte att \u00f6verf\u00f6ra sin studieplats till en annan person.<\/p>\n\n\n\n<h2 class=\"wp-block-heading\">Hur f\u00e5r man veta om man fr\u00e5n v\u00e4ntelistan ryms med p\u00e5 kursen?<\/h2>\n\n\n\n<p>Om n\u00e5gon av kursplatserna blir ledig tar kansliet kontakt med de anm\u00e4lda p\u00e5 v\u00e4ntelistan.<\/p>\n\n\n\n<h2 class=\"wp-block-heading\">Vad g\u00f6r man om ytterd\u00f6rren eller annan ing\u00e5ng till kurslokalen \u00e4r st\u00e4ngd?<\/h2>\n\n\n\n<p>Institutshuset vid Kaskisgatan 5: ring vaktm\u00e4starna p\u00e5 050 432 36 74.<\/p>\n\n\n\n<p>Om det g\u00e4ller andra kurslokaler utanf\u00f6r institutshuset, kontakta kursens l\u00e4rare, som vid kursstart borde meddela sin b\u00e4sta kontaktuppgift.<\/p>\n","protected":false},"excerpt":{"rendered":"<p>Kan man studera vid institutet fast\u00e4n man inte \u00e4r bosatt i \u00c5bo? Kurserna och f\u00f6rel\u00e4sningarna \u00e4r \u00f6ppna f\u00f6r alla oberoende &hellip; <\/p>\n","protected":false},"author":3405,"featured_media":0,"parent":0,"menu_order":0,"comment_status":"closed","ping_status":"closed","template":"","meta":{"footnotes":""},"class_list":["post-164","page","type-page","status-publish","hentry"],"_links":{"self":[{"href":"https:\/\/blog.edu.turku.fi\/arbis\/index.php?rest_route=\/wp\/v2\/pages\/164","targetHints":{"allow":["GET"]}}],"collection":[{"href":"https:\/\/blog.edu.turku.fi\/arbis\/index.php?rest_route=\/wp\/v2\/pages"}],"about":[{"href":"https:\/\/blog.edu.turku.fi\/arbis\/index.php?rest_route=\/wp\/v2\/types\/page"}],"author":[{"embeddable":true,"href":"https:\/\/blog.edu.turku.fi\/arbis\/index.php?rest_route=\/wp\/v2\/users\/3405"}],"replies":[{"embeddable":true,"href":"https:\/\/blog.edu.turku.fi\/arbis\/index.php?rest_route=%2Fwp%2Fv2%2Fcomments&post=164"}],"version-history":[{"count":4,"href":"https:\/\/blog.edu.turku.fi\/arbis\/index.php?rest_route=\/wp\/v2\/pages\/164\/revisions"}],"predecessor-version":[{"id":1054,"href":"https:\/\/blog.edu.turku.fi\/arbis\/index.php?rest_route=\/wp\/v2\/pages\/164\/revisions\/1054"}],"wp:attachment":[{"href":"https:\/\/blog.edu.turku.fi\/arbis\/index.php?rest_route=%2Fwp%2Fv2%2Fmedia&parent=164"}],"curies":[{"name":"wp","href":"https:\/\/api.w.org\/{rel}","templated":true}]}}