{"id":156,"date":"2024-05-24T10:01:18","date_gmt":"2024-05-24T07:01:18","guid":{"rendered":"https:\/\/blog.edu.turku.fi\/arbistesti\/?page_id=156"},"modified":"2024-06-07T08:57:05","modified_gmt":"2024-06-07T05:57:05","slug":"arbis-historia","status":"publish","type":"page","link":"https:\/\/blog.edu.turku.fi\/arbis\/?page_id=156","title":{"rendered":"Arbis historia"},"content":{"rendered":"\n<h2 class=\"wp-block-heading\">\u00c5BO SVENSKA ARBETARINSTITUT SNART 120 \u00c5R \u2013 \u00c5BOS \u00c4LDSTA<\/h2>\n\n\n\n<p>L\u00f6rdagen den 3 februari 1908 kl. 19.30&nbsp; inledde \u00c5bo svenska arbetarinstitut sin verksamhet.&nbsp; Samma \u00e5r inledde instituten i Vasa och Ule\u00e5borg sin verksamhet. F\u00f6re det fanns endast Tammerfors arbetarinstitut fr\u00e5n 1899. Det finska Turun suomenkielinen ty\u00f6v\u00e4enopisto grundades samtidigt som \u00c5bo svenska arbetarinstitut men inledde sin verksamhet n\u00e5gon dag senare den 17 februari 1908. Mot den bakgrunden \u00e4r Arbis det institut som har haft verksamhet l\u00e4ngst i \u00c5bo \u00e4ven om skillnaden \u00e4r marginell.<\/p>\n\n\n\n<h2 class=\"wp-block-heading\">NIO OLIKA ADRESSER<\/h2>\n\n\n\n<p>Arbis har verkat p\u00e5 nio olika adresser. Verksamheten inleddes 1908 vid Slottsgatan 25 i Finska klassiska lyceet ocks\u00e5 kallat Gamla spinnhuskyrkan. L\u00e4ngst har Arbis funnits i Svenska G\u00e5rden vid Auragatan 1 d\u00e4r institutet verkade i 47 \u00e5r f\u00f6ljt av 19 \u00e5r i f.d. Cygnaeusskolans byggnad vid Universitetsgatan 17. Efter sju andra adresser och j\u00e4mnt 100 \u00e5r efter starten d.v.s. 2008 flyttade Arbis till Kaskisgatan 5. D\u00e4r h\u00e5lls i dag merparten av Arbis kurser och f\u00f6rel\u00e4sningar. I samma hus verkar ocks\u00e5 \u00c5bo stads finskspr\u00e5kiga arbetarinstitut Turun suomenkielinen ty\u00f6v\u00e4enopisto, delar av Luostarivuoren Lyseon Lukio samt det privatdrivna Caf\u00e9 Dominic. Inf\u00f6r v\u00e5rterminen 2017 tog Arbis i bruk sina st\u00e4mningsfulla hantverksutrymmen, \u00c5salen, i de delvis medeltida valven i samma byggnad som Katedralskolan vid \u00d6stra strandgatan 2.<\/p>\n\n\n\n<figure class=\"wp-block-image size-large\" id=\"attachment_1945\"><img loading=\"lazy\" decoding=\"async\" width=\"1024\" height=\"777\" src=\"https:\/\/blog.edu.turku.fi\/arbis\/files\/2024\/06\/2018.02.07-Arbis-110-1024x777-1-1024x777.png\" alt=\"\" class=\"wp-image-439\" srcset=\"https:\/\/blog.edu.turku.fi\/arbis\/files\/2024\/06\/2018.02.07-Arbis-110-1024x777-1.png 1024w, https:\/\/blog.edu.turku.fi\/arbis\/files\/2024\/06\/2018.02.07-Arbis-110-1024x777-1-300x228.png 300w\" sizes=\"auto, (max-width: 1024px) 100vw, 1024px\" \/><figcaption class=\"wp-element-caption\">1908-1915. Arbis f\u00f6rsta hem, Finska klassiska lyceet vid Slottsgatan 25. Foto: \u00c5bo landskapsmuseum\/August Schuffert.<\/figcaption><\/figure>\n\n\n\n<figure class=\"wp-block-image size-large\"><img loading=\"lazy\" decoding=\"async\" width=\"1024\" height=\"720\" src=\"https:\/\/blog.edu.turku.fi\/arbis\/files\/2024\/06\/Kuva-2-huom-julkaisuteksti-cmyk-1024x720-1-1024x720.jpg\" alt=\"\" class=\"wp-image-440\" srcset=\"https:\/\/blog.edu.turku.fi\/arbis\/files\/2024\/06\/Kuva-2-huom-julkaisuteksti-cmyk-1024x720-1.jpg 1024w, https:\/\/blog.edu.turku.fi\/arbis\/files\/2024\/06\/Kuva-2-huom-julkaisuteksti-cmyk-1024x720-1-300x211.jpg 300w\" sizes=\"auto, (max-width: 1024px) 100vw, 1024px\" \/><\/figure>\n\n\n\n<p>1915-1916. Industriskolan, Klostergatan 16. Foto: \u00c5bo landskapsmuseum.<\/p>\n\n\n\n<figure class=\"wp-block-image size-large\" id=\"attachment_2003\"><img loading=\"lazy\" decoding=\"async\" width=\"1024\" height=\"719\" src=\"https:\/\/blog.edu.turku.fi\/arbis\/files\/2024\/06\/Kuva-3-huom-julkaisuteksti-1024x719-1-1024x719.jpg\" alt=\"\" class=\"wp-image-441\" srcset=\"https:\/\/blog.edu.turku.fi\/arbis\/files\/2024\/06\/Kuva-3-huom-julkaisuteksti-1024x719-1.jpg 1024w, https:\/\/blog.edu.turku.fi\/arbis\/files\/2024\/06\/Kuva-3-huom-julkaisuteksti-1024x719-1-300x211.jpg 300w\" sizes=\"auto, (max-width: 1024px) 100vw, 1024px\" \/><figcaption class=\"wp-element-caption\">1916-1918: Svenska reallyceum, Tr\u00e4dg\u00e5rdsgatan 5. Foto: \u00c5bo landskapsmuseum.<\/figcaption><\/figure>\n\n\n\n<h2 class=\"wp-block-heading\">TOLV F\u00d6REST\u00c5NDARE OCH REKTORER<\/h2>\n\n\n\n<p>Den pedagogiska utvecklingen har under \u00e5ren letts av 12 f\u00f6rest\u00e5ndare och rektorer. Rektor Arne T\u00f6rnudd jobbade 24 \u00e5r f\u00f6r Arbis medan Aili Nummenmaa innehade rektorskapet i 22 \u00e5r. Cecilia Hindersson eftertr\u00e4dde 1.2.2024 Sixten Westerby, som intitutets rektor. Han ledde institutet i n\u00e4rmare 11 \u00e5r sedan h\u00f6sten 2013. Timl\u00e4rarna och f\u00f6rel\u00e4sarna kan under \u00e5ren r\u00e4knas i flera tusen.<\/p>\n\n\n\n<p>Arbis f\u00f6rsta inskrivna studerande var V\u00e4stanfj\u00e4rdsb\u00f6rdige tr\u00e4dg\u00e5rdsarbetaren Hugo Gustafsson. Den \u00e4ldsta inskrivna torde ha varit f\u00f6dd 1853. Arbis studerandeantal kan r\u00e4knas i tiotusentals och kanske mer \u00e4n s\u00e5 under de snart 120 \u00e5ren.<\/p>\n\n\n\n<figure class=\"wp-block-image size-large\" id=\"attachment_2005\"><img loading=\"lazy\" decoding=\"async\" width=\"1024\" height=\"713\" src=\"https:\/\/blog.edu.turku.fi\/arbis\/files\/2024\/06\/Kuva-4-huom-julkaisuteksti-1024x713-1-1024x713.jpg\" alt=\"\" class=\"wp-image-442\" srcset=\"https:\/\/blog.edu.turku.fi\/arbis\/files\/2024\/06\/Kuva-4-huom-julkaisuteksti-1024x713-1.jpg 1024w, https:\/\/blog.edu.turku.fi\/arbis\/files\/2024\/06\/Kuva-4-huom-julkaisuteksti-1024x713-1-300x209.jpg 300w\" sizes=\"auto, (max-width: 1024px) 100vw, 1024px\" \/><figcaption class=\"wp-element-caption\">1918-1937. Cygnaeusskolan, Universitetsgatan 17. Foto: \u00c5bo landskapsmuseum\/Rusko Reuna.<\/figcaption><\/figure>\n\n\n\n<figure class=\"wp-block-image size-large\" id=\"attachment_2006\"><img loading=\"lazy\" decoding=\"async\" width=\"1024\" height=\"664\" src=\"https:\/\/blog.edu.turku.fi\/arbis\/files\/2024\/06\/Kuva-5-huom-julkaisuteksti-1024x664-1-1024x664.jpg\" alt=\"\" class=\"wp-image-443\" srcset=\"https:\/\/blog.edu.turku.fi\/arbis\/files\/2024\/06\/Kuva-5-huom-julkaisuteksti-1024x664-1.jpg 1024w, https:\/\/blog.edu.turku.fi\/arbis\/files\/2024\/06\/Kuva-5-huom-julkaisuteksti-1024x664-1-300x195.jpg 300w\" sizes=\"auto, (max-width: 1024px) 100vw, 1024px\" \/><figcaption class=\"wp-element-caption\">1940-1950. Henriksgatan 9. Foto: \u00c5bo landskapsmuseum\/C.J. Gardberg.<\/figcaption><\/figure>\n\n\n\n<figure class=\"wp-block-image size-large\" id=\"attachment_2008\"><img loading=\"lazy\" decoding=\"async\" width=\"1024\" height=\"716\" src=\"https:\/\/blog.edu.turku.fi\/arbis\/files\/2024\/06\/Kuva-6-huom-julkaisuteksti-1024x716-1-1024x716.jpg\" alt=\"\" class=\"wp-image-444\" srcset=\"https:\/\/blog.edu.turku.fi\/arbis\/files\/2024\/06\/Kuva-6-huom-julkaisuteksti-1024x716-1.jpg 1024w, https:\/\/blog.edu.turku.fi\/arbis\/files\/2024\/06\/Kuva-6-huom-julkaisuteksti-1024x716-1-300x210.jpg 300w\" sizes=\"auto, (max-width: 1024px) 100vw, 1024px\" \/><figcaption class=\"wp-element-caption\">1951-1959. Heurlinska skolan, K\u00f6pmansgatan 2. Foto: \u00c5bo landskapsmuseum\/C.J. Gardberg.<\/figcaption><\/figure>\n\n\n\n<figure class=\"wp-block-image size-large\" id=\"attachment_2009\"><img loading=\"lazy\" decoding=\"async\" width=\"962\" height=\"1024\" src=\"https:\/\/blog.edu.turku.fi\/arbis\/files\/2024\/06\/Kuva-7-huom-julkaisuteksti-962x1024-1-962x1024.jpg\" alt=\"\" class=\"wp-image-445\" srcset=\"https:\/\/blog.edu.turku.fi\/arbis\/files\/2024\/06\/Kuva-7-huom-julkaisuteksti-962x1024-1.jpg 962w, https:\/\/blog.edu.turku.fi\/arbis\/files\/2024\/06\/Kuva-7-huom-julkaisuteksti-962x1024-1-282x300.jpg 282w\" sizes=\"auto, (max-width: 962px) 100vw, 962px\" \/><figcaption class=\"wp-element-caption\">1960-2008. Svenska g\u00e5rden, Auragatan 1.<\/figcaption><\/figure>\n\n\n\n<p><strong>POLISEN \u00d6VERVAKADE F\u00d6REL\u00c4SNINGARNA<\/strong><\/p>\n\n\n\n<p>Arbis undervisning b\u00f6rjade 1908 med tv\u00e5 f\u00f6rel\u00e4sningar i historia och zoologi \u2013 mellan dem unison s\u00e5ng. De f\u00f6rsta \u00e5ren var k\u00e4mpiga. Den ryska administrationens l\u00e4nsguvern\u00f6r misst\u00e4nkte de b\u00e5da arbetarinstitutens verksamhet. Inneh\u00e5llet f\u00f6r alla f\u00f6rel\u00e4sningar m\u00e5ste inl\u00e4mnas i utf\u00f6rligt koncept i tv\u00e5 exemplar till polisen f\u00f6r granskning minst 24 timmar i f\u00f6rv\u00e4g. Ibland fanns polis p\u00e5 plats f\u00f6r att kontrollera att f\u00f6rel\u00e4saren verkligen h\u00f6ll sig till konceptet. Situationen f\u00f6rblev of\u00f6r\u00e4ndrad \u00e4nda till Finlands sj\u00e4lvst\u00e4ndighet.<\/p>\n\n\n\n<h2 class=\"wp-block-heading\">ETT SJ\u00c4LVST\u00c4NDIGT ARBIS<\/h2>\n\n\n\n<p>Under 1920- och 1930-talen skapade spr\u00e5kstriderna en tr\u00e5kig friktion mellan de finska och svenska spr\u00e5kgrupperna i staden. 1937 gjordes ett f\u00f6rslag i stadsfullm\u00e4ktige att de b\u00e5da instituten skulle sl\u00e5s samman. \u00c4rendet bordlades och togs upp p\u00e5 nytt 1943 d\u00e5 d\u00e5varande f\u00f6rest\u00e5ndaren gick i pension. Skolstyrelsen var negativt inst\u00e4lld till en sammanslagning och staden ville inte fatta beslut under p\u00e5g\u00e5ende krig. 1945 besl\u00f6t stadsstyrelsen avst\u00e5 fr\u00e5n sina tidigare planer. 1992 hotades Arbis existens igen. D\u00e5varande rektor B\u00f6rje L\u00e5ng besl\u00f6t att senarel\u00e4gga sin pensionering till 1995 tills fr\u00e5gan var utredd. Ocks\u00e5 under senare \u00e5rtionden har Arbis sj\u00e4lvst\u00e4ndighet utretts. Varje g\u00e5ng har resultatet blivit att \u00c5bo svenska arbetarinstitut ska fungera som ett sj\u00e4lvst\u00e4ndigt institut f\u00f6r att b\u00e4st kunna serva sin m\u00e5lgrupp.<\/p>\n\n\n\n<figure class=\"wp-block-image size-large\" id=\"attachment_2017\"><img loading=\"lazy\" decoding=\"async\" width=\"1024\" height=\"768\" src=\"https:\/\/blog.edu.turku.fi\/arbis\/files\/2024\/06\/Opistotalo_cmyk-gr-1024x768-1-1024x768.jpg\" alt=\"\" class=\"wp-image-446\" srcset=\"https:\/\/blog.edu.turku.fi\/arbis\/files\/2024\/06\/Opistotalo_cmyk-gr-1024x768-1.jpg 1024w, https:\/\/blog.edu.turku.fi\/arbis\/files\/2024\/06\/Opistotalo_cmyk-gr-1024x768-1-300x225.jpg 300w\" sizes=\"auto, (max-width: 1024px) 100vw, 1024px\" \/><figcaption class=\"wp-element-caption\">2008-. Institutshuset, Kaskisgatan 5.<\/figcaption><\/figure>\n\n\n\n<h2 class=\"wp-block-heading\">STORT UPPSVING DE SENASTE \u00c5REN<\/h2>\n\n\n\n<p>Under de senaste \u00e5ren har Arbis upplevt ett stort uppsving d\u00e5 tillstr\u00f6mningen av studerande mer \u00e4n f\u00f6rdubblats och uppg\u00e5r till ca 3000 kursdeltagare per \u00e5r. Arbis \u00e4r i dag ocks\u00e5 en r\u00e4tt internationell samlingsplats. 2023 hade Arbis studerande uppgett hela 40 olika modersm\u00e5l och m\u00e5nga av l\u00e4rarna har utl\u00e4ndsk bakgrund. Dagens Arbisstuderande har ocks\u00e5 en stor och r\u00e4tt unik \u00e5ldersspridning. Den st\u00f6rsta \u00e5ldersgruppen 2023 var i \u00e5ldern 25-34 \u00e5r f\u00f6ljd av gruppen 65-74 \u00e5r.<\/p>\n\n\n\n<h2 class=\"wp-block-heading\"><strong>ARBIS F\u00d6REST\u00c5NDARE OCH REKTORER SEDAN 1908:<\/strong><\/h2>\n\n\n\n<p>1908-1916 Lundvig Lundstr\u00f6m; f\u00f6rest\u00e5ndare<\/p>\n\n\n\n<p>1916-1918 Einar Holmberg; f\u00f6rest\u00e5ndare<\/p>\n\n\n\n<p>1918-1943 Arne T\u00f6rnudd; f\u00f6rest\u00e5ndare<\/p>\n\n\n\n<p>1943-1944 Werner E. Nordst\u00f6m; f\u00f6rest\u00e5ndare<\/p>\n\n\n\n<p>1944-1953 Carl-Eric Sundman; f\u00f6rest\u00e5ndare<\/p>\n\n\n\n<p>1953-1963 Kristofer Gr\u00e4sbeck; f\u00f6rest\u00e5ndare, rektor<\/p>\n\n\n\n<p>1964-1966 Nils Stor\u00e5; rektor<\/p>\n\n\n\n<p>1966-1988 Aili Nummenmaa; rektor<\/p>\n\n\n\n<p>1988-1995 B\u00f6rje L\u00e5ng; rektor<\/p>\n\n\n\n<p>1995-1996 Christine Welander; rektor<\/p>\n\n\n\n<p>1997-2013 Gunnar Nystr\u00f6m; rektor<\/p>\n\n\n\n<p>2013-2024 Sixten Westerby; rektor<\/p>\n\n\n\n<p>2024-&nbsp; &nbsp; &nbsp; &nbsp; &nbsp;Cecilia Hindersson; rektor<\/p>\n","protected":false},"excerpt":{"rendered":"<p>\u00c5BO SVENSKA ARBETARINSTITUT SNART 120 \u00c5R \u2013 \u00c5BOS \u00c4LDSTA L\u00f6rdagen den 3 februari 1908 kl. 19.30&nbsp; inledde \u00c5bo svenska arbetarinstitut &hellip; <\/p>\n","protected":false},"author":3405,"featured_media":0,"parent":0,"menu_order":0,"comment_status":"closed","ping_status":"closed","template":"","meta":{"footnotes":""},"class_list":["post-156","page","type-page","status-publish","hentry"],"_links":{"self":[{"href":"https:\/\/blog.edu.turku.fi\/arbis\/index.php?rest_route=\/wp\/v2\/pages\/156","targetHints":{"allow":["GET"]}}],"collection":[{"href":"https:\/\/blog.edu.turku.fi\/arbis\/index.php?rest_route=\/wp\/v2\/pages"}],"about":[{"href":"https:\/\/blog.edu.turku.fi\/arbis\/index.php?rest_route=\/wp\/v2\/types\/page"}],"author":[{"embeddable":true,"href":"https:\/\/blog.edu.turku.fi\/arbis\/index.php?rest_route=\/wp\/v2\/users\/3405"}],"replies":[{"embeddable":true,"href":"https:\/\/blog.edu.turku.fi\/arbis\/index.php?rest_route=%2Fwp%2Fv2%2Fcomments&post=156"}],"version-history":[{"count":3,"href":"https:\/\/blog.edu.turku.fi\/arbis\/index.php?rest_route=\/wp\/v2\/pages\/156\/revisions"}],"predecessor-version":[{"id":448,"href":"https:\/\/blog.edu.turku.fi\/arbis\/index.php?rest_route=\/wp\/v2\/pages\/156\/revisions\/448"}],"wp:attachment":[{"href":"https:\/\/blog.edu.turku.fi\/arbis\/index.php?rest_route=%2Fwp%2Fv2%2Fmedia&parent=156"}],"curies":[{"name":"wp","href":"https:\/\/api.w.org\/{rel}","templated":true}]}}