{"id":151,"date":"2024-05-17T11:26:52","date_gmt":"2024-05-17T08:26:52","guid":{"rendered":"https:\/\/blog.edu.turku.fi\/arbistesti\/?page_id=151"},"modified":"2025-08-07T13:53:49","modified_gmt":"2025-08-07T10:53:49","slug":"kontakt","status":"publish","type":"page","link":"https:\/\/blog.edu.turku.fi\/arbis\/?page_id=151","title":{"rendered":"Kontakt"},"content":{"rendered":"\n<h2 class=\"wp-block-heading\">Bes\u00f6ksadress<\/h2>\n\n\n\n<p>Institutshuset, d\u00e4r \u00e4ven majoriteten av kurserna h\u00e5lls:<\/p>\n\n\n\n<p><strong>Kaskisgatan 5, 5 v\u00e5n<\/strong>., 20700 \u00c5bo<\/p>\n\n\n\n<p>Om vi inte \u00e4r p\u00e5 plats dagtid n\u00e5r du oss b\u00e4st per e-post eller mobiltelefon 044 907 4737. Om vi inte har m\u00f6jlighet att svara kan du \u00e4ven skicka sms eller l\u00e4mna ett&nbsp;meddelande i postl\u00e5dan utanf\u00f6r d\u00f6rren i trapphuset p\u00e5 5 v\u00e5ningen. Vill du komma i kontakt med n\u00e5gon av v\u00e5ra l\u00e4rare kan du h\u00f6ra av dig till kansliet per e-post eller telefon.<\/p>\n\n\n\n<h2 class=\"wp-block-heading\">Telefonnummer och e-post<\/h2>\n\n\n\n<p><strong>E-post<\/strong>:<strong> <a href=\"mailto:arbis@edu.turku.fi\">arbis@edu.turku.fi<\/a><\/strong><\/p>\n\n\n\n<p><strong>Tfn<\/strong>: <strong>044 907 47 37<\/strong><\/p>\n\n\n\n<p>Facebook: <a href=\"http:\/\/www.facebook.com\/aboarbis\">www.facebook.com\/aboarbis<\/a><br>Instagram: <a href=\"http:\/\/www.instagram.com\/aboarbis\">www.instagram.com\/aboarbis<\/a><br><\/p>\n\n\n\n<h2 class=\"wp-block-heading\">Personal<\/h2>\n\n\n\n<p><strong>Hindersson, Cecilia<\/strong>, rektor, tfn 044 907 35 97 eller 044 907 47 37, cecilia.hindersson@edu.turku.fi<br>FM Cecilia Hindersson arbetar som rektor vid Arbis sedan 1.2.2024<\/p>\n\n\n\n<div class=\"wp-block-media-text is-stacked-on-mobile\" style=\"grid-template-columns:47% auto\"><figure class=\"wp-block-media-text__media\"><img loading=\"lazy\" decoding=\"async\" width=\"1024\" height=\"826\" src=\"https:\/\/blog.edu.turku.fi\/arbis\/files\/2024\/06\/image0.jpeg\" alt=\"\" class=\"wp-image-485 size-full\" srcset=\"https:\/\/blog.edu.turku.fi\/arbis\/files\/2024\/06\/image0.jpeg 1024w, https:\/\/blog.edu.turku.fi\/arbis\/files\/2024\/06\/image0-300x242.jpeg 300w, https:\/\/blog.edu.turku.fi\/arbis\/files\/2024\/06\/image0-768x620.jpeg 768w\" sizes=\"auto, (max-width: 1024px) 100vw, 1024px\" \/><\/figure><div class=\"wp-block-media-text__content\">\n<p><em>Cecilia Hindersson. Foto: Ann-Helen Sund<\/em><\/p>\n<\/div><\/div>\n\n\n\n<p>************************************************************************************************<\/p>\n\n\n\n<p><strong>Lindholm, Lena<\/strong>, planerare, tfn 040 486 7478 eller 044 907 47 37, lena.lindholm@edu.turku.fi<br>FM, EM Lena Lindholm arbetar som planerare p\u00e5 deltid (m\u00e5n-ons).<\/p>\n\n\n\n<div class=\"wp-block-media-text is-stacked-on-mobile\" style=\"grid-template-columns:48% auto\" id=\"attachment_3980\"><figure class=\"wp-block-media-text__media\"><img loading=\"lazy\" decoding=\"async\" width=\"640\" height=\"426\" src=\"https:\/\/blog.edu.turku.fi\/arbis\/files\/2024\/06\/Lena-Original-Ab-Small-Foto-HF-640x426-1-640x426.jpg\" alt=\"\" class=\"wp-image-409 size-full\" srcset=\"https:\/\/blog.edu.turku.fi\/arbis\/files\/2024\/06\/Lena-Original-Ab-Small-Foto-HF-640x426-1.jpg 640w, https:\/\/blog.edu.turku.fi\/arbis\/files\/2024\/06\/Lena-Original-Ab-Small-Foto-HF-640x426-1-300x200.jpg 300w\" sizes=\"auto, (max-width: 640px) 100vw, 640px\" \/><\/figure><div class=\"wp-block-media-text__content\">\n<p><em>Lena Lindholm. Foto: Henrik Forsblom<\/em><\/p>\n<\/div><\/div>\n\n\n\n<p>************************************************************************************************<\/p>\n\n\n\n<p><strong>Saarinen, Majlen<\/strong>, planerare, tfn 040 847 4672 eller 044 907 47 37, majlen.saarinen@edu.turku.fi<br>PM Majlen Saarinen arbetar som planerare p\u00e5 deltid (ons-fre).<\/p>\n\n\n\n<div class=\"wp-block-media-text is-stacked-on-mobile\" style=\"grid-template-columns:38% auto\" id=\"attachment_3980\"><figure class=\"wp-block-media-text__media\"><img loading=\"lazy\" decoding=\"async\" width=\"768\" height=\"1024\" src=\"https:\/\/blog.edu.turku.fi\/arbis\/files\/2025\/08\/Majlen-Saarinen.jpg\" alt=\"\" class=\"wp-image-1138 size-full\" srcset=\"https:\/\/blog.edu.turku.fi\/arbis\/files\/2025\/08\/Majlen-Saarinen.jpg 768w, https:\/\/blog.edu.turku.fi\/arbis\/files\/2025\/08\/Majlen-Saarinen-225x300.jpg 225w\" sizes=\"auto, (max-width: 768px) 100vw, 768px\" \/><\/figure><div class=\"wp-block-media-text__content\">\n<p><em>Majlen Saarinen. Foto: Cecilia Hindersson<\/em><\/p>\n<\/div><\/div>\n\n\n\n<p>************************************************************************************************<\/p>\n\n\n\n<p><strong>Lindqvist, Anja<\/strong>, textill\u00e4rare, tfn 040 847 35 64, anja.lindqvist@edu.turku.fi<br>HeL Anja Lindqvist \u00e4r Arbis ordinarie textill\u00e4rare p\u00e5 deltid och har undervisat p\u00e5 Arbis sedan 1990.<\/p>\n\n\n\n<div class=\"wp-block-media-text is-stacked-on-mobile\" style=\"grid-template-columns:47% auto\" id=\"attachment_4016\"><figure class=\"wp-block-media-text__media\"><img loading=\"lazy\" decoding=\"async\" width=\"1024\" height=\"768\" src=\"https:\/\/blog.edu.turku.fi\/arbis\/files\/2024\/06\/Anja-2-Foto-SW-1024x768-1-1024x768.jpg\" alt=\"\" class=\"wp-image-407 size-full\" srcset=\"https:\/\/blog.edu.turku.fi\/arbis\/files\/2024\/06\/Anja-2-Foto-SW-1024x768-1.jpg 1024w, https:\/\/blog.edu.turku.fi\/arbis\/files\/2024\/06\/Anja-2-Foto-SW-1024x768-1-300x225.jpg 300w\" sizes=\"auto, (max-width: 1024px) 100vw, 1024px\" \/><\/figure><div class=\"wp-block-media-text__content\">\n<p><em>Anja Lindqvist. Foto: Sixten Westerby<\/em><\/p>\n<\/div><\/div>\n\n\n\n<p>************************************************************************************************<\/p>\n\n\n\n<p><strong>Vaktm\u00e4stare<\/strong>, tfn 050 432 3674<\/p>\n","protected":false},"excerpt":{"rendered":"<p>Bes\u00f6ksadress Institutshuset, d\u00e4r \u00e4ven majoriteten av kurserna h\u00e5lls: Kaskisgatan 5, 5 v\u00e5n., 20700 \u00c5bo Om vi inte \u00e4r p\u00e5 plats &hellip; <\/p>\n","protected":false},"author":3405,"featured_media":0,"parent":0,"menu_order":0,"comment_status":"closed","ping_status":"closed","template":"","meta":{"footnotes":""},"class_list":["post-151","page","type-page","status-publish","hentry"],"_links":{"self":[{"href":"https:\/\/blog.edu.turku.fi\/arbis\/index.php?rest_route=\/wp\/v2\/pages\/151","targetHints":{"allow":["GET"]}}],"collection":[{"href":"https:\/\/blog.edu.turku.fi\/arbis\/index.php?rest_route=\/wp\/v2\/pages"}],"about":[{"href":"https:\/\/blog.edu.turku.fi\/arbis\/index.php?rest_route=\/wp\/v2\/types\/page"}],"author":[{"embeddable":true,"href":"https:\/\/blog.edu.turku.fi\/arbis\/index.php?rest_route=\/wp\/v2\/users\/3405"}],"replies":[{"embeddable":true,"href":"https:\/\/blog.edu.turku.fi\/arbis\/index.php?rest_route=%2Fwp%2Fv2%2Fcomments&post=151"}],"version-history":[{"count":11,"href":"https:\/\/blog.edu.turku.fi\/arbis\/index.php?rest_route=\/wp\/v2\/pages\/151\/revisions"}],"predecessor-version":[{"id":1139,"href":"https:\/\/blog.edu.turku.fi\/arbis\/index.php?rest_route=\/wp\/v2\/pages\/151\/revisions\/1139"}],"wp:attachment":[{"href":"https:\/\/blog.edu.turku.fi\/arbis\/index.php?rest_route=%2Fwp%2Fv2%2Fmedia&parent=151"}],"curies":[{"name":"wp","href":"https:\/\/api.w.org\/{rel}","templated":true}]}}