{"id":111,"date":"2024-05-17T09:31:56","date_gmt":"2024-05-17T06:31:56","guid":{"rendered":"https:\/\/blog.edu.turku.fi\/arbistesti\/?page_id=111"},"modified":"2025-08-04T20:24:37","modified_gmt":"2025-08-04T17:24:37","slug":"anmalningsvillkor","status":"publish","type":"page","link":"https:\/\/blog.edu.turku.fi\/arbis\/?page_id=111","title":{"rendered":"Anm\u00e4lningsvillkor"},"content":{"rendered":"\n<p>Du anm\u00e4ler dig till kurser och f\u00f6rel\u00e4sningar genom <a href=\"https:\/\/uusi.opistopalvelut.fi\/abo\/sv\/\">den elektroniska kursportalen<\/a>. Notera att vi informerar dig endast om kursen <em>inte <\/em>blir av.<\/p>\n\n\n\n<h2 class=\"wp-block-heading\">Anm\u00e4lan<\/h2>\n\n\n\n<ul class=\"wp-block-list\">\n<li>L\u00e4ttast anm\u00e4ler du dig via n\u00e4tet d\u00e4r kursprogrammet kontinuerligt uppdateras. F\u00f6r den som inte anv\u00e4nder dator eller som saknar finskt personnummer g\u00e5r det att anm\u00e4la sig personligen p\u00e5 Arbis, Kaskisgatan 5 eller per telefon 044 907 4737.<\/li>\n\n\n\n<li>Dataprogrammet meddelar direkt om du f\u00e5tt en kursplats samt skickar dig ett e-postmeddelande till den adress du uppgett. N\u00e5got annat bevis f\u00e5r du inte.<\/li>\n\n\n\n<li>Om du ej ryms med p\u00e5 kursen placeras du p\u00e5 v\u00e4ntelistan. Arbis meddelar dig personligen om du senare f\u00e5r plats p\u00e5 kursen. Till vissa kurser \u00e4r anm\u00e4lningskriterierna ocks\u00e5 andra \u00e4n enbart snabbhet; i s\u00e5 fall st\u00e5r det i kursbeskrivningen.<\/li>\n<\/ul>\n\n\n\n<h2 class=\"wp-block-heading\">Eventuella avvikelser<\/h2>\n\n\n\n<p>Arbis f\u00f6rbeh\u00e5ller sig r\u00e4tten att \u00e4ndra kursdatum, kursplatser och gruppstorlekar om det anses \u00e4ndam\u00e5lsenligt. Arbis f\u00f6ljer de direktiv och rekommendationer \u00c5bo stad, statsr\u00e5det, THL m.fl. ger om t.ex. nya epidemiutbrott eller motsvarande sker.<\/p>\n\n\n\n<p>Om situationen det kr\u00e4ver kan Arbis besluta att en del kurser eller delar av dem \u00f6verg\u00e5r till distansundervisning. Uppst\u00e5r detta behov meddelar Arbis de studerande om hur man kan forts\u00e4tta att delta i kursen. P\u00e5 motsvarande s\u00e4tt kan kursen \u00e5terg\u00e5 till n\u00e4rundervisning n\u00e4r situationen det medger. Kursavgiften f\u00f6rblir densamma och ingen ny anm\u00e4lning kr\u00e4vs.<\/p>\n\n\n\n<h2 class=\"wp-block-heading\">Avanm\u00e4lan, avbrytande och inhibering av kurs<\/h2>\n\n\n\n<ul class=\"wp-block-list\">\n<li>Eventuell kursannullering kan du g\u00f6ra kostnadsfritt senast en vecka f\u00f6re planerat startdatum f\u00f6r kursen om inte annat anges. Annulleringen g\u00f6rs elektroniskt om du anm\u00e4lt dig via n\u00e4tet, annars genom att kontakta Arbis.<\/li>\n\n\n\n<li><strong>Om du inte har annullerat din anm\u00e4lning inom best\u00e4md tid (senast en vecka innan kursstart om inte annat anges) har du f\u00f6rbundit dig att betala kursavgiften och eventuella materialavgifter. Obetalda avgifter g\u00e5r till indrivning.<\/strong><\/li>\n\n\n\n<li>L\u00e4rarna tar inte emot kursanm\u00e4lningar, eventuella avanm\u00e4lningar eller meddelanden om avbrytande av kurs. Om du avbryter kursen efter att kursen startat, meddela: <a href=\"mailto:arbis@edu.turku.fi\">arbis@edu.turku.fi<\/a> eller via textmeddelande: 044 907 4737. Kursdeltagarens avbrytande av kurs inneb\u00e4r att kursavgiften faktureras i sin helhet. <\/li>\n\n\n\n<li>Om Arbis av n\u00e5gon anledning avbryter en kurs och mer \u00e4n 1\/3 av kursen kvarst\u00e5r reduceras kursavgiften i motsvarande m\u00e5n. Ett belopp som understiger 10 \u20ac kompenseras dock i regel inte om en kurs av n\u00e5gon anledning f\u00f6rkortas. Om Arbis drabbas av force majeure inverkar det inte p\u00e5 kursavgiften eller delar av den. Rektor kan i enstaka fall besluta om avvikande avgift.<\/li>\n<\/ul>\n\n\n\n<h2 class=\"wp-block-heading\">R\u00e5dgivning f\u00f6r anm\u00e4lning<\/h2>\n\n\n\n<p>Om du har sv\u00e5righeter med n\u00e4tanm\u00e4lningen, kontakta Arbis per tfn 044 907 4737 eller med textmeddelande eller e-post: <a href=\"mailto:arbis@edu.turku.fi\">arbis@edu.turku.fi<\/a><\/p>\n\n\n\n<h2 class=\"wp-block-heading\">Avgifter<\/h2>\n\n\n\n<ul class=\"wp-block-list\">\n<li>Om du inte har annullerat din anm\u00e4lning inom best\u00e4md tid har du f\u00f6rbundit dig att betala kursavgiften och eventuella materialavgifter. Ocks\u00e5 om du avbryter ditt deltagande i en kurs faktureras kursen i sin helhet.<\/li>\n\n\n\n<li>Deltagaravgiften kan betalas elektroniskt. Du f\u00e5r ett e-postmeddelande med en betalningsl\u00e4nk efter att f\u00f6rel\u00e4sningen h\u00e5llits eller n\u00e4r kursen p\u00e5g\u00e5tt en tid. Om deltagaravgiften inte betalas via betalningsl\u00e4nken inom utsatt tid skickas fakturan ist\u00e4llet utan extra kostnad per post till den uppgivna adressen eller till OmaPosti. Om fakturan l\u00e4mnas obetald \u00e4r avgiftsbeloppet indrivningsbart.<\/li>\n\n\n\n<li>Kursavgift \u00e5terbetalas inte. <\/li>\n\n\n\n<li>Enstaka kursg\u00e5nger som kan falla bort t.ex. om l\u00e4raren insjuknar eller vid lagstadgade utrymnings\u00f6vningar ers\u00e4tts inte.<\/li>\n<\/ul>\n\n\n\n<h2 class=\"wp-block-heading\">\u00d6vrigt<\/h2>\n\n\n\n<ul class=\"wp-block-list\">\n<li>Arbis har inte f\u00f6rs\u00e4krat studerandena f\u00f6r olycksfall eller skada under kurs.<\/li>\n\n\n\n<li>Om kursen p\u00e5g\u00e5r l\u00e4ngre \u00e4n 90 min \u00e4r en paus p\u00e5 15 min inplanerad. Under heldagskurser \u00e4r pausen i regel minst 60 min.<\/li>\n\n\n\n<li>Studerandena st\u00e5r sj\u00e4lva f\u00f6r eventuellt studiematerial inklusive l\u00e4rob\u00f6cker och yogamattor.<\/li>\n\n\n\n<li>Avgiften f\u00f6r ett kursintyg \u00e4r 10 \u20ac. Om du vill ha dina kunskaper bed\u00f6mda, diskutera fr\u00e5gan med din l\u00e4rare i b\u00f6rjan av kursen.<\/li>\n\n\n\n<li>Caf\u00e9 Dominic p\u00e5 entr\u00e9plan \u00e4r i regel \u00f6ppet m\u00e5ndag till fredag under undervisningsperioderna.<\/li>\n<\/ul>\n","protected":false},"excerpt":{"rendered":"<p>Du anm\u00e4ler dig till kurser och f\u00f6rel\u00e4sningar genom den elektroniska kursportalen. Notera att vi informerar dig endast om kursen inte &hellip; <\/p>\n","protected":false},"author":3405,"featured_media":0,"parent":0,"menu_order":0,"comment_status":"closed","ping_status":"closed","template":"","meta":{"footnotes":""},"class_list":["post-111","page","type-page","status-publish","hentry"],"_links":{"self":[{"href":"https:\/\/blog.edu.turku.fi\/arbis\/index.php?rest_route=\/wp\/v2\/pages\/111","targetHints":{"allow":["GET"]}}],"collection":[{"href":"https:\/\/blog.edu.turku.fi\/arbis\/index.php?rest_route=\/wp\/v2\/pages"}],"about":[{"href":"https:\/\/blog.edu.turku.fi\/arbis\/index.php?rest_route=\/wp\/v2\/types\/page"}],"author":[{"embeddable":true,"href":"https:\/\/blog.edu.turku.fi\/arbis\/index.php?rest_route=\/wp\/v2\/users\/3405"}],"replies":[{"embeddable":true,"href":"https:\/\/blog.edu.turku.fi\/arbis\/index.php?rest_route=%2Fwp%2Fv2%2Fcomments&post=111"}],"version-history":[{"count":6,"href":"https:\/\/blog.edu.turku.fi\/arbis\/index.php?rest_route=\/wp\/v2\/pages\/111\/revisions"}],"predecessor-version":[{"id":1120,"href":"https:\/\/blog.edu.turku.fi\/arbis\/index.php?rest_route=\/wp\/v2\/pages\/111\/revisions\/1120"}],"wp:attachment":[{"href":"https:\/\/blog.edu.turku.fi\/arbis\/index.php?rest_route=%2Fwp%2Fv2%2Fmedia&parent=111"}],"curies":[{"name":"wp","href":"https:\/\/api.w.org\/{rel}","templated":true}]}}